{"id":191,"date":"2024-02-25T13:07:01","date_gmt":"2024-02-25T13:07:01","guid":{"rendered":"https:\/\/tekirdagarcelikservisi.com.tr\/?page_id=191"},"modified":"2024-06-05T08:47:19","modified_gmt":"2024-06-05T08:47:19","slug":"beko-kombi-bakim-servisi","status":"publish","type":"page","link":"https:\/\/tekirdagarcelikservisi.com.tr\/index.php\/beko-servisi\/beko-kombi-servisi\/beko-kombi-bakim-servisi\/","title":{"rendered":"Beko Kombi Bak\u0131m Servisi"},"content":{"rendered":"\t\t<div data-elementor-type=\"wp-page\" data-elementor-id=\"191\" class=\"elementor elementor-191\">\n\t\t\t\t<div class=\"elementor-element elementor-element-39c29978 e-flex e-con-boxed e-con e-parent\" data-id=\"39c29978\" data-element_type=\"container\" data-e-type=\"container\">\n\t\t\t\t\t<div class=\"e-con-inner\">\n\t\t\t\t<div class=\"elementor-element elementor-element-2fdda8a1 elementor-widget elementor-widget-text-editor\" data-id=\"2fdda8a1\" data-element_type=\"widget\" data-e-type=\"widget\" data-widget_type=\"text-editor.default\">\n\t\t\t\t<div class=\"elementor-widget-container\">\n\t\t\t\t\t\t\t\t\t<p><img fetchpriority=\"high\" decoding=\"async\" class=\"size-full wp-image-192 aligncenter\" src=\"https:\/\/tekirdagarcelikservisi.com.tr\/wp-content\/uploads\/2024\/02\/Beko-Kombi-Bakim-Servisi.jpg\" alt=\"Beko Kombi Bak\u0131m Servisi\" width=\"1004\" height=\"591\" srcset=\"https:\/\/tekirdagarcelikservisi.com.tr\/wp-content\/uploads\/2024\/02\/Beko-Kombi-Bakim-Servisi.jpg 1004w, https:\/\/tekirdagarcelikservisi.com.tr\/wp-content\/uploads\/2024\/02\/Beko-Kombi-Bakim-Servisi-300x177.jpg 300w, https:\/\/tekirdagarcelikservisi.com.tr\/wp-content\/uploads\/2024\/02\/Beko-Kombi-Bakim-Servisi-768x452.jpg 768w\" sizes=\"(max-width: 1004px) 100vw, 1004px\" \/><\/p><h1>Tekirda\u011f Beko Kombi Bak\u0131m Servisi 0282 263 22 96<\/h1><p><a href=\"https:\/\/tekirdagarcelikservisi.com.tr\/index.php\/beko-servisi\/beko-kombi-servisi\/\">Tekirda\u011f Beko<\/a> kombi bak\u0131m servisi olarak, kombi sistemlerinizin d\u00fczenli bak\u0131m\u0131n\u0131 \u00fcstleniyoruz. Uzman ekiplerimiz, kombilerinizin verimli \u00e7al\u0131\u015fmas\u0131n\u0131 sa\u011flamak veya olas\u0131 ar\u0131zalar\u0131 \u00f6nlemek i\u00e7in titizlikle \u00e7al\u0131\u015fmaktad\u0131r.\u00a0<\/p><p><strong>Profesyonel Bak\u0131m Hizmetleri\u00a0<\/strong><\/p><p>Kombi bak\u0131m\u0131, sisteminizin performans\u0131n\u0131 art\u0131rmak veya enerji tasarrufu sa\u011flamak i\u00e7in \u00f6nemlidir. Tekirda\u011f Beko kombi bak\u0131m servisi olarak, kombilerinizin t\u00fcm par\u00e7alar\u0131n\u0131 detayl\u0131 bir \u015fekilde kontrol ediyor, gerekli temizlik veya ayarlamalar\u0131 yap\u0131yoruz.\u00a0<\/p><p><strong>G\u00fcvenilir Teknik Destek<\/strong><\/p><p>Uzman teknisyenlerimiz, kombinizin her bir bile\u015fenini dikkatlice inceleyerek, potansiyel sorunlar\u0131 tespit eder ve \u00e7\u00f6z\u00fcm \u00f6nerileri sunar. <a href=\"https:\/\/suleymanpasakombiservisi.com.tr\/index.php\/tekirdag-beko-servisi-0282-263-22-96\/\">Kombinizin<\/a> bak\u0131m\u0131 ve onar\u0131m\u0131 konusunda g\u00fcvenilir bir teknik destek i\u00e7in bize ba\u015fvurabilirsiniz.\u00a0<\/p><p><strong>H\u0131zl\u0131 ve Etkili Hizmet<\/strong><\/p><p>M\u00fc\u015fteri memnuniyetini \u00f6n planda tutarak, kombi bak\u0131m ve onar\u0131m i\u015flemlerini en h\u0131zl\u0131 ve etkili \u015fekilde ger\u00e7ekle\u015ftiriyoruz. Acil durumlarda da sizlere yard\u0131mc\u0131 olmak i\u00e7in her zaman haz\u0131r\u0131z.<\/p><p><strong>\u0130leti\u015fime Ge\u00e7in<\/strong><\/p><p>Kombi bak\u0131m\u0131 ve onar\u0131m\u0131 i\u00e7in profesyonel bir hizmet almak istiyorsan\u0131z, bize ula\u015fmaktan \u00e7ekinmeyin. Tekirda\u011f Beko kombi bak\u0131m servisi olarak, sizlere kaliteli ve g\u00fcvenilir bir hizmet sunmaktan memnuniyet duyaca\u011f\u0131z.<\/p><h2>Beko Kombi Bak\u0131m\u0131nda Yap\u0131lan \u0130\u015flemler<\/h2><p>Kombi bak\u0131m\u0131, cihaz\u0131n\u0131z\u0131n uzun \u00f6m\u00fcrl\u00fc ve g\u00fcvenli bir \u015fekilde \u00e7al\u0131\u015fmas\u0131n\u0131 sa\u011flamak i\u00e7in \u00f6nemlidir. Tekirda\u011f Beko kombi bak\u0131m\u0131nda, uzman teknisyenlerimiz a\u015fa\u011f\u0131daki i\u015flemleri ger\u00e7ekle\u015ftirir:<\/p><ol><li><strong>Sistem Kontrol\u00fc:<\/strong> Kombinizin t\u00fcm par\u00e7alar\u0131 detayl\u0131 bir \u015fekilde incelenir ve \u00e7al\u0131\u015fma durumu kontrol edilir. Is\u0131tma ve su s\u0131cakl\u0131\u011f\u0131 ayarlar\u0131 g\u00f6zden ge\u00e7irilir.<\/li><li><strong>Temizlik \u0130\u015flemleri:<\/strong> Kombinizin i\u00e7 veya d\u0131\u015f k\u0131s\u0131mlar\u0131 temizli\u011fi yap\u0131l\u0131yor. Is\u0131tma elemanlar\u0131, filtreler ve bacalar\u0131n temizli\u011fi yap\u0131l\u0131r. B\u00f6ylece verimli bir \u015fekilde \u00e7al\u0131\u015fmas\u0131 sa\u011flan\u0131r.<\/li><li><strong>Gaz Bas\u0131nc\u0131 Kontrol\u00fc:<\/strong> Kombinizin gaz bas\u0131nc\u0131 \u00f6l\u00e7\u00fcl\u00fcp ve gerekli ayarlamalar yap\u0131l\u0131yor. Do\u011fru gaz bas\u0131nc\u0131, cihaz\u0131n\u0131z\u0131n performans\u0131n\u0131 art\u0131r\u0131r ve enerji tasarrufu sa\u011flar.<\/li><li><strong>Yanma Odas\u0131 Temizli\u011fi:<\/strong> Kombinizin yanma odas\u0131 ve br\u00fcl\u00f6rleri temizli\u011fi yap\u0131l\u0131yor. Yanma odas\u0131ndaki kir ve tortular\u0131n temizlenmesi, cihaz\u0131n\u0131z\u0131n verimli \u00e7al\u0131\u015fmas\u0131n\u0131 sa\u011flar.<\/li><li><strong>Su Devresi Kontrol\u00fc:<\/strong> Kombinin su devresi incelenip ve gerekli su bas\u0131nc\u0131 ayarlamas\u0131 yap\u0131l\u0131yor. Su s\u0131z\u0131nt\u0131lar\u0131 ve tesisat problemleri kontrol ediliyor.<\/li><li><strong>G\u00fcvenlik Kontrol\u00fc:<\/strong> Kombinizin g\u00fcvenlik sistemleri kontrol ediliyor ve gerekli ayarlamalar yap\u0131l\u0131yor. Gaz ka\u00e7a\u011f\u0131 veya yanma problemlerine kar\u015f\u0131 \u00f6nlemler al\u0131n\u0131r.<\/li><li><strong>Raporlama ve \u00d6neriler:<\/strong> Bak\u0131m i\u015flemleri tamamland\u0131ktan sonra, kombinizin durumuyla ilgili detayl\u0131 bir rapor haz\u0131rlan\u0131r. Ayr\u0131ca, kombinizin performans\u0131n\u0131 art\u0131rmak veya ar\u0131za riskini azaltmak i\u00e7in \u00f6nerilerde bulunuyoruz.<\/li><\/ol><p>Bu i\u015flemler, kombinizin d\u00fczenli olarak bak\u0131m\u0131n\u0131 yaparak sa\u011fl\u0131kl\u0131 ve g\u00fcvenli bir \u015fekilde \u00e7al\u0131\u015fmas\u0131n\u0131 sa\u011flar. Kombi bak\u0131m\u0131n\u0131z\u0131 d\u00fczenli olarak yapt\u0131r\u0131n. Ar\u0131zalar\u0131n \u00f6n\u00fcne ge\u00e7in ve uzun \u00f6m\u00fcrl\u00fc bir cihaza sahip olun.<\/p><p><a href=\"tel:02822632296\"><img decoding=\"async\" class=\"size-full wp-image-149 aligncenter\" src=\"https:\/\/tekirdagarcelikservisi.com.tr\/wp-content\/uploads\/2024\/02\/BEKO-DESTEK-MERKEZI.jpg\" alt=\"\" width=\"510\" height=\"226\" srcset=\"https:\/\/tekirdagarcelikservisi.com.tr\/wp-content\/uploads\/2024\/02\/BEKO-DESTEK-MERKEZI.jpg 510w, https:\/\/tekirdagarcelikservisi.com.tr\/wp-content\/uploads\/2024\/02\/BEKO-DESTEK-MERKEZI-300x133.jpg 300w\" sizes=\"(max-width: 510px) 100vw, 510px\" \/><\/a><\/p>\t\t\t\t\t\t\t\t<\/div>\n\t\t\t\t<\/div>\n\t\t\t\t\t<\/div>\n\t\t\t\t<\/div>\n\t\t\t\t<section class=\"elementor-section elementor-inner-section elementor-element elementor-element-7c346519 elementor-section-boxed elementor-section-height-default elementor-section-height-default\" data-id=\"7c346519\" data-element_type=\"section\" data-e-type=\"section\">\n\t\t\t\t\t\t<div class=\"elementor-container elementor-column-gap-extended\">\n\t\t\t\t\t<div class=\"elementor-column elementor-col-33 elementor-inner-column elementor-element elementor-element-366803bd\" data-id=\"366803bd\" data-element_type=\"column\" data-e-type=\"column\">\n\t\t\t<div class=\"elementor-widget-wrap elementor-element-populated\">\n\t\t\t\t\t\t<div class=\"elementor-element elementor-element-29a667bf elementor-widget elementor-widget-image\" data-id=\"29a667bf\" data-element_type=\"widget\" data-e-type=\"widget\" data-widget_type=\"image.default\">\n\t\t\t\t<div class=\"elementor-widget-container\">\n\t\t\t\t\t\t\t\t\t\t\t\t\t\t\t<img decoding=\"async\" width=\"1004\" height=\"591\" src=\"https:\/\/tekirdagarcelikservisi.com.tr\/wp-content\/uploads\/2024\/02\/Beko-Kombi-Ariza-Servisi.jpg\" class=\"attachment-large size-large wp-image-189\" alt=\"Beko Kombi Ar\u0131za Servisi\" srcset=\"https:\/\/tekirdagarcelikservisi.com.tr\/wp-content\/uploads\/2024\/02\/Beko-Kombi-Ariza-Servisi.jpg 1004w, https:\/\/tekirdagarcelikservisi.com.tr\/wp-content\/uploads\/2024\/02\/Beko-Kombi-Ariza-Servisi-300x177.jpg 300w, https:\/\/tekirdagarcelikservisi.com.tr\/wp-content\/uploads\/2024\/02\/Beko-Kombi-Ariza-Servisi-768x452.jpg 768w\" sizes=\"(max-width: 1004px) 100vw, 1004px\" \/>\t\t\t\t\t\t\t\t\t\t\t\t\t\t\t<\/div>\n\t\t\t\t<\/div>\n\t\t\t\t<div class=\"elementor-element elementor-element-2b7f2b8c elementor-widget elementor-widget-icon-box\" data-id=\"2b7f2b8c\" data-element_type=\"widget\" data-e-type=\"widget\" data-widget_type=\"icon-box.default\">\n\t\t\t\t<div class=\"elementor-widget-container\">\n\t\t\t\t\t\t\t<div class=\"elementor-icon-box-wrapper\">\n\n\t\t\t\n\t\t\t\t\t\t<div class=\"elementor-icon-box-content\">\n\n\t\t\t\t\t\t\t\t\t<h3 class=\"elementor-icon-box-title\">\n\t\t\t\t\t\t<span  >\n\t\t\t\t\t\t\tBeko kombi<br \/><br \/> ar\u0131za servisi\t\t\t\t\t\t<\/span>\n\t\t\t\t\t<\/h3>\n\t\t\t\t\n\t\t\t\t\n\t\t\t<\/div>\n\t\t\t\n\t\t<\/div>\n\t\t\t\t\t\t<\/div>\n\t\t\t\t<\/div>\n\t\t\t\t<div class=\"elementor-element elementor-element-15fe5848 elementor-widget elementor-widget-text-editor\" data-id=\"15fe5848\" data-element_type=\"widget\" data-e-type=\"widget\" data-widget_type=\"text-editor.default\">\n\t\t\t\t<div class=\"elementor-widget-container\">\n\t\t\t\t\t\t\t\t\t<p style=\"text-align: center;\"><strong>Tekirda\u011f<a href=\"https:\/\/tekirdagarcelikservisi.com.tr\/index.php\/beko-servisi\/beko-kombi-servisi\/\">\u00a0Beko<\/a>\u00a0kombi ar\u0131za servisi olarak. Kombilerinizde meydana gelen her t\u00fcrl\u00fc sorun i\u00e7in profesyonel ve g\u00fcvenilir \u00e7\u00f6z\u00fcmler sunuyoruz. Kombilerinizin d\u00fczenli olarak kontrol edilmesi ve bak\u0131m\u0131n\u0131n yap\u0131lmas\u0131. Uzun \u00f6m\u00fcrl\u00fc ve g\u00fcvenilir bir \u015fekilde \u00e7al\u0131\u015fmalar\u0131n\u0131 sa\u011flar. Kombi ar\u0131zalar\u0131 her ne kadar beklenmedik olsa da, h\u0131zl\u0131 ve etkili bir \u015fekilde m\u00fcdahale edilmesi \u00f6nemlidir.<\/strong><\/p>\t\t\t\t\t\t\t\t<\/div>\n\t\t\t\t<\/div>\n\t\t\t\t<div class=\"elementor-element elementor-element-721930cc elementor-align-center elementor-button-success elementor-widget elementor-widget-button\" data-id=\"721930cc\" data-element_type=\"widget\" data-e-type=\"widget\" data-widget_type=\"button.default\">\n\t\t\t\t<div class=\"elementor-widget-container\">\n\t\t\t\t\t\t\t\t\t<div class=\"elementor-button-wrapper\">\n\t\t\t\t\t<a class=\"elementor-button elementor-button-link elementor-size-sm\" href=\"https:\/\/tekirdagarcelikservisi.com.tr\/index.php\/beko-servisi\/beko-kombi-servisi\/beko-kombi-ariza-servisi\/\">\n\t\t\t\t\t\t<span class=\"elementor-button-content-wrapper\">\n\t\t\t\t\t\t<span class=\"elementor-button-icon\">\n\t\t\t\t<svg aria-hidden=\"true\" class=\"e-font-icon-svg e-far-arrow-alt-circle-right\" viewBox=\"0 0 512 512\" xmlns=\"http:\/\/www.w3.org\/2000\/svg\"><path d=\"M504 256C504 119 393 8 256 8S8 119 8 256s111 248 248 248 248-111 248-248zm-448 0c0-110.5 89.5-200 200-200s200 89.5 200 200-89.5 200-200 200S56 366.5 56 256zm72 20v-40c0-6.6 5.4-12 12-12h116v-67c0-10.7 12.9-16 20.5-8.5l99 99c4.7 4.7 4.7 12.3 0 17l-99 99c-7.6 7.6-20.5 2.2-20.5-8.5v-67H140c-6.6 0-12-5.4-12-12z\"><\/path><\/svg>\t\t\t<\/span>\n\t\t\t\t\t\t\t\t\t<span class=\"elementor-button-text\">Devam\u0131n\u0131 oku<\/span>\n\t\t\t\t\t<\/span>\n\t\t\t\t\t<\/a>\n\t\t\t\t<\/div>\n\t\t\t\t\t\t\t\t<\/div>\n\t\t\t\t<\/div>\n\t\t\t\t\t<\/div>\n\t\t<\/div>\n\t\t\t\t<div class=\"elementor-column elementor-col-33 elementor-inner-column elementor-element elementor-element-45a4aa01\" data-id=\"45a4aa01\" data-element_type=\"column\" data-e-type=\"column\">\n\t\t\t<div class=\"elementor-widget-wrap elementor-element-populated\">\n\t\t\t\t\t\t<div class=\"elementor-element elementor-element-2a011b4b elementor-widget elementor-widget-image\" data-id=\"2a011b4b\" data-element_type=\"widget\" data-e-type=\"widget\" data-widget_type=\"image.default\">\n\t\t\t\t<div class=\"elementor-widget-container\">\n\t\t\t\t\t\t\t\t\t\t\t\t\t\t\t<img loading=\"lazy\" decoding=\"async\" width=\"1004\" height=\"591\" src=\"https:\/\/tekirdagarcelikservisi.com.tr\/wp-content\/uploads\/2024\/02\/Beko-Kombi-Bakim-Servisi.jpg\" class=\"attachment-large size-large wp-image-192\" alt=\"Beko Kombi Bak\u0131m Servisi\" srcset=\"https:\/\/tekirdagarcelikservisi.com.tr\/wp-content\/uploads\/2024\/02\/Beko-Kombi-Bakim-Servisi.jpg 1004w, https:\/\/tekirdagarcelikservisi.com.tr\/wp-content\/uploads\/2024\/02\/Beko-Kombi-Bakim-Servisi-300x177.jpg 300w, https:\/\/tekirdagarcelikservisi.com.tr\/wp-content\/uploads\/2024\/02\/Beko-Kombi-Bakim-Servisi-768x452.jpg 768w\" sizes=\"(max-width: 1004px) 100vw, 1004px\" \/>\t\t\t\t\t\t\t\t\t\t\t\t\t\t\t<\/div>\n\t\t\t\t<\/div>\n\t\t\t\t<div class=\"elementor-element elementor-element-774a91fc elementor-widget elementor-widget-icon-box\" data-id=\"774a91fc\" data-element_type=\"widget\" data-e-type=\"widget\" data-widget_type=\"icon-box.default\">\n\t\t\t\t<div class=\"elementor-widget-container\">\n\t\t\t\t\t\t\t<div class=\"elementor-icon-box-wrapper\">\n\n\t\t\t\n\t\t\t\t\t\t<div class=\"elementor-icon-box-content\">\n\n\t\t\t\t\t\t\t\t\t<h3 class=\"elementor-icon-box-title\">\n\t\t\t\t\t\t<span  >\n\t\t\t\t\t\t\tBeko kombi<br \/><br \/> bak\u0131m servisi\t\t\t\t\t\t<\/span>\n\t\t\t\t\t<\/h3>\n\t\t\t\t\n\t\t\t\t\n\t\t\t<\/div>\n\t\t\t\n\t\t<\/div>\n\t\t\t\t\t\t<\/div>\n\t\t\t\t<\/div>\n\t\t\t\t<div class=\"elementor-element elementor-element-16746c4a elementor-widget elementor-widget-text-editor\" data-id=\"16746c4a\" data-element_type=\"widget\" data-e-type=\"widget\" data-widget_type=\"text-editor.default\">\n\t\t\t\t<div class=\"elementor-widget-container\">\n\t\t\t\t\t\t\t\t\t<p style=\"text-align: center;\"><strong><a href=\"https:\/\/tekirdagarcelikservisi.com.tr\/index.php\/beko-servisi\/beko-kombi-servisi\/\">Tekirda\u011f Beko<\/a> kombi bak\u0131m servisi olarak, kombi sistemlerinizin d\u00fczenli bak\u0131m\u0131n\u0131 \u00fcstleniyoruz. Uzman ekiplerimiz, kombilerinizin verimli \u00e7al\u0131\u015fmas\u0131n\u0131 sa\u011flamak veya olas\u0131 ar\u0131zalar\u0131 \u00f6nlemek i\u00e7in titizlikle \u00e7al\u0131\u015fmaktad\u0131r. Kombi bak\u0131m\u0131, sisteminizin performans\u0131n\u0131 art\u0131rmak veya enerji tasarrufu sa\u011flamak i\u00e7in \u00f6nemlidir. Tekirda\u011f Beko kombi bak\u0131m servisi olarak, kombilerinizin t\u00fcm\u00a0<\/strong><\/p>\t\t\t\t\t\t\t\t<\/div>\n\t\t\t\t<\/div>\n\t\t\t\t<div class=\"elementor-element elementor-element-454ad380 elementor-align-center elementor-button-success elementor-widget elementor-widget-button\" data-id=\"454ad380\" data-element_type=\"widget\" data-e-type=\"widget\" data-widget_type=\"button.default\">\n\t\t\t\t<div class=\"elementor-widget-container\">\n\t\t\t\t\t\t\t\t\t<div class=\"elementor-button-wrapper\">\n\t\t\t\t\t<a class=\"elementor-button elementor-button-link elementor-size-sm\" href=\"https:\/\/tekirdagarcelikservisi.com.tr\/index.php\/beko-servisi\/beko-kombi-servisi\/beko-kombi-bakim-servisi\/\">\n\t\t\t\t\t\t<span class=\"elementor-button-content-wrapper\">\n\t\t\t\t\t\t<span class=\"elementor-button-icon\">\n\t\t\t\t<svg aria-hidden=\"true\" class=\"e-font-icon-svg e-far-arrow-alt-circle-right\" viewBox=\"0 0 512 512\" xmlns=\"http:\/\/www.w3.org\/2000\/svg\"><path d=\"M504 256C504 119 393 8 256 8S8 119 8 256s111 248 248 248 248-111 248-248zm-448 0c0-110.5 89.5-200 200-200s200 89.5 200 200-89.5 200-200 200S56 366.5 56 256zm72 20v-40c0-6.6 5.4-12 12-12h116v-67c0-10.7 12.9-16 20.5-8.5l99 99c4.7 4.7 4.7 12.3 0 17l-99 99c-7.6 7.6-20.5 2.2-20.5-8.5v-67H140c-6.6 0-12-5.4-12-12z\"><\/path><\/svg>\t\t\t<\/span>\n\t\t\t\t\t\t\t\t\t<span class=\"elementor-button-text\">devam\u0131n\u0131 oku<\/span>\n\t\t\t\t\t<\/span>\n\t\t\t\t\t<\/a>\n\t\t\t\t<\/div>\n\t\t\t\t\t\t\t\t<\/div>\n\t\t\t\t<\/div>\n\t\t\t\t\t<\/div>\n\t\t<\/div>\n\t\t\t\t<div class=\"elementor-column elementor-col-33 elementor-inner-column elementor-element elementor-element-3f53e1c8 elementor-hidden-tablet\" data-id=\"3f53e1c8\" data-element_type=\"column\" data-e-type=\"column\">\n\t\t\t<div class=\"elementor-widget-wrap elementor-element-populated\">\n\t\t\t\t\t\t<div class=\"elementor-element elementor-element-376d27d8 elementor-widget elementor-widget-image\" data-id=\"376d27d8\" data-element_type=\"widget\" data-e-type=\"widget\" data-widget_type=\"image.default\">\n\t\t\t\t<div class=\"elementor-widget-container\">\n\t\t\t\t\t\t\t\t\t\t\t\t\t\t\t<img loading=\"lazy\" decoding=\"async\" width=\"1004\" height=\"591\" src=\"https:\/\/tekirdagarcelikservisi.com.tr\/wp-content\/uploads\/2024\/02\/Beko-Kombi-ve-Petek-temizligi-Servisi.jpg\" class=\"attachment-large size-large wp-image-200\" alt=\"Beko Kombi ve Petek temizli\u011fi Servisi\" srcset=\"https:\/\/tekirdagarcelikservisi.com.tr\/wp-content\/uploads\/2024\/02\/Beko-Kombi-ve-Petek-temizligi-Servisi.jpg 1004w, https:\/\/tekirdagarcelikservisi.com.tr\/wp-content\/uploads\/2024\/02\/Beko-Kombi-ve-Petek-temizligi-Servisi-300x177.jpg 300w, https:\/\/tekirdagarcelikservisi.com.tr\/wp-content\/uploads\/2024\/02\/Beko-Kombi-ve-Petek-temizligi-Servisi-768x452.jpg 768w\" sizes=\"(max-width: 1004px) 100vw, 1004px\" \/>\t\t\t\t\t\t\t\t\t\t\t\t\t\t\t<\/div>\n\t\t\t\t<\/div>\n\t\t\t\t<div class=\"elementor-element elementor-element-1ff3d950 elementor-widget elementor-widget-icon-box\" data-id=\"1ff3d950\" data-element_type=\"widget\" data-e-type=\"widget\" data-widget_type=\"icon-box.default\">\n\t\t\t\t<div class=\"elementor-widget-container\">\n\t\t\t\t\t\t\t<div class=\"elementor-icon-box-wrapper\">\n\n\t\t\t\n\t\t\t\t\t\t<div class=\"elementor-icon-box-content\">\n\n\t\t\t\t\t\t\t\t\t<h3 class=\"elementor-icon-box-title\">\n\t\t\t\t\t\t<span  >\n\t\t\t\t\t\t\tPetek ve Radyat\u00f6r <br \/><br \/>Temizli\u011fi \t\t\t\t\t\t<\/span>\n\t\t\t\t\t<\/h3>\n\t\t\t\t\n\t\t\t\t\n\t\t\t<\/div>\n\t\t\t\n\t\t<\/div>\n\t\t\t\t\t\t<\/div>\n\t\t\t\t<\/div>\n\t\t\t\t<div class=\"elementor-element elementor-element-8eac1a1 elementor-widget elementor-widget-text-editor\" data-id=\"8eac1a1\" data-element_type=\"widget\" data-e-type=\"widget\" data-widget_type=\"text-editor.default\">\n\t\t\t\t<div class=\"elementor-widget-container\">\n\t\t\t\t\t\t\t\t\t<p style=\"text-align: center;\"><strong>Tekirda\u011f\u00a0<a href=\"https:\/\/tekirdagarcelikservisi.com.tr\/index.php\/beko-servisi\/beko-kombi-servisi\/\">Beko<\/a> Kombi ve Petek Temizli\u011fi Servisi. Ev veya i\u015f yerinizdeki \u0131s\u0131nma sorunlar\u0131yla m\u0131 kar\u015f\u0131 kar\u015f\u0131yas\u0131n\u0131z? Peteklerinizin \u0131s\u0131nma performans\u0131 d\u00fc\u015f\u00fck m\u00fc? Tekirda\u011f Beko olarak, kombi ve peteklerinizin verimlili\u011fini art\u0131rmak i\u00e7in size profesyonel temizlik hizmetleri sunuyoruz. <\/strong><strong>Verimli Is\u0131nma \u0130\u00e7in Petek Temizli\u011fi Peteklerin zamanla \u00a0birikmi\u015f olan kir, tortu ve kire\u00e7 gibi<\/strong><\/p>\t\t\t\t\t\t\t\t<\/div>\n\t\t\t\t<\/div>\n\t\t\t\t<div class=\"elementor-element elementor-element-2842e8a elementor-align-center elementor-button-success elementor-widget elementor-widget-button\" data-id=\"2842e8a\" data-element_type=\"widget\" data-e-type=\"widget\" data-widget_type=\"button.default\">\n\t\t\t\t<div class=\"elementor-widget-container\">\n\t\t\t\t\t\t\t\t\t<div class=\"elementor-button-wrapper\">\n\t\t\t\t\t<a class=\"elementor-button elementor-button-link elementor-size-sm\" href=\"https:\/\/tekirdagarcelikservisi.com.tr\/index.php\/beko-servisi\/beko-kombi-servisi\/beko-kombi-ve-petek-temizligi-servisi\/\">\n\t\t\t\t\t\t<span class=\"elementor-button-content-wrapper\">\n\t\t\t\t\t\t<span class=\"elementor-button-icon\">\n\t\t\t\t<svg aria-hidden=\"true\" class=\"e-font-icon-svg e-far-arrow-alt-circle-right\" viewBox=\"0 0 512 512\" xmlns=\"http:\/\/www.w3.org\/2000\/svg\"><path d=\"M504 256C504 119 393 8 256 8S8 119 8 256s111 248 248 248 248-111 248-248zm-448 0c0-110.5 89.5-200 200-200s200 89.5 200 200-89.5 200-200 200S56 366.5 56 256zm72 20v-40c0-6.6 5.4-12 12-12h116v-67c0-10.7 12.9-16 20.5-8.5l99 99c4.7 4.7 4.7 12.3 0 17l-99 99c-7.6 7.6-20.5 2.2-20.5-8.5v-67H140c-6.6 0-12-5.4-12-12z\"><\/path><\/svg>\t\t\t<\/span>\n\t\t\t\t\t\t\t\t\t<span class=\"elementor-button-text\">devam\u0131n\u0131 oku<\/span>\n\t\t\t\t\t<\/span>\n\t\t\t\t\t<\/a>\n\t\t\t\t<\/div>\n\t\t\t\t\t\t\t\t<\/div>\n\t\t\t\t<\/div>\n\t\t\t\t\t<\/div>\n\t\t<\/div>\n\t\t\t\t\t<\/div>\n\t\t<\/section>\n\t\t<div class=\"elementor-element elementor-element-4a532a93 e-flex e-con-boxed e-con e-parent\" data-id=\"4a532a93\" data-element_type=\"container\" data-e-type=\"container\">\n\t\t\t\t\t<div class=\"e-con-inner\">\n\t\t<div class=\"elementor-element elementor-element-1f31ac40 e-con-full e-flex e-con e-child\" data-id=\"1f31ac40\" data-element_type=\"container\" data-e-type=\"container\">\n\t\t\t\t<div class=\"elementor-element elementor-element-c249181 elementor-widget elementor-widget-image\" data-id=\"c249181\" data-element_type=\"widget\" data-e-type=\"widget\" data-widget_type=\"image.default\">\n\t\t\t\t<div class=\"elementor-widget-container\">\n\t\t\t\t\t\t\t\t\t\t\t\t\t\t\t\t<a href=\"tel:02822632296\">\n\t\t\t\t\t\t\t<img loading=\"lazy\" decoding=\"async\" width=\"510\" height=\"226\" src=\"https:\/\/tekirdagarcelikservisi.com.tr\/wp-content\/uploads\/2024\/02\/BEKO-DESTEK-MERKEZI.jpg\" class=\"attachment-large size-large wp-image-149\" alt=\"\" srcset=\"https:\/\/tekirdagarcelikservisi.com.tr\/wp-content\/uploads\/2024\/02\/BEKO-DESTEK-MERKEZI.jpg 510w, https:\/\/tekirdagarcelikservisi.com.tr\/wp-content\/uploads\/2024\/02\/BEKO-DESTEK-MERKEZI-300x133.jpg 300w\" sizes=\"(max-width: 510px) 100vw, 510px\" \/>\t\t\t\t\t\t\t\t<\/a>\n\t\t\t\t\t\t\t\t\t\t\t\t\t\t\t<\/div>\n\t\t\t\t<\/div>\n\t\t\t\t<div class=\"elementor-element elementor-element-5fcc6908 elementor-widget elementor-widget-text-editor\" data-id=\"5fcc6908\" data-element_type=\"widget\" data-e-type=\"widget\" data-widget_type=\"text-editor.default\">\n\t\t\t\t<div class=\"elementor-widget-container\">\n\t\t\t\t\t\t\t\t\t<p><strong>Beko Beyaz E\u015fyalar\u0131n\u0131z, Klimalar\u0131n\u0131z ve Kombinizde Ar\u0131za M\u0131 Var? Bizimle \u0130leti\u015fime Ge\u00e7in..<\/strong><br \/><strong>H\u0131zl\u0131 \u00e7\u00f6z\u00fcm ve kaliteli hizmet ile birlikte, onar\u0131m, tamir servis i\u015flemleri %100 m\u00fc\u015fteri memnuniyeti ve kalite anlay\u0131\u015f\u0131 ile sizde al\u0131n..<\/strong><\/p>\n<p><strong>Servisimiz\u00a0<img loading=\"lazy\" decoding=\"async\" class=\"wp-image-535 alignnone\" src=\"http:\/\/www.kitgroupservis.com.tr\/wp-content\/uploads\/2023\/11\/TSE-logo-6770CA9F80-seeklogo.com_.png\" alt=\"\" width=\"53\" height=\"33\" \/>\u00a0Belgelidir.<\/strong><\/p>\t\t\t\t\t\t\t\t<\/div>\n\t\t\t\t<\/div>\n\t\t\t\t<div class=\"elementor-element elementor-element-37ea53f2 elementor-icon-list--layout-traditional elementor-list-item-link-full_width elementor-widget elementor-widget-icon-list\" data-id=\"37ea53f2\" data-element_type=\"widget\" data-e-type=\"widget\" data-widget_type=\"icon-list.default\">\n\t\t\t\t<div class=\"elementor-widget-container\">\n\t\t\t\t\t\t\t<ul class=\"elementor-icon-list-items\">\n\t\t\t\t\t\t\t<li class=\"elementor-icon-list-item\">\n\t\t\t\t\t\t\t\t\t\t\t<a href=\"https:\/\/tekirdagarcelikservisi.com.tr\/index.php\/beko-servisi\/beko-beyaz-esya-servisi\/\">\n\n\t\t\t\t\t\t\t\t\t\t\t\t<span class=\"elementor-icon-list-icon\">\n\t\t\t\t\t\t\t<svg aria-hidden=\"true\" class=\"e-font-icon-svg e-fas-check\" viewBox=\"0 0 512 512\" xmlns=\"http:\/\/www.w3.org\/2000\/svg\"><path d=\"M173.898 439.404l-166.4-166.4c-9.997-9.997-9.997-26.206 0-36.204l36.203-36.204c9.997-9.998 26.207-9.998 36.204 0L192 312.69 432.095 72.596c9.997-9.997 26.207-9.997 36.204 0l36.203 36.204c9.997 9.997 9.997 26.206 0 36.204l-294.4 294.401c-9.998 9.997-26.207 9.997-36.204-.001z\"><\/path><\/svg>\t\t\t\t\t\t<\/span>\n\t\t\t\t\t\t\t\t\t\t<span class=\"elementor-icon-list-text\">BEKO BEYAZ E\u015eYA SERV\u0130S\u0130<\/span>\n\t\t\t\t\t\t\t\t\t\t\t<\/a>\n\t\t\t\t\t\t\t\t\t<\/li>\n\t\t\t\t\t\t\t\t<li class=\"elementor-icon-list-item\">\n\t\t\t\t\t\t\t\t\t\t\t<a href=\"https:\/\/tekirdagarcelikservisi.com.tr\/index.php\/beko-servisi\/beko-klima-servisi\/\">\n\n\t\t\t\t\t\t\t\t\t\t\t\t<span class=\"elementor-icon-list-icon\">\n\t\t\t\t\t\t\t<svg aria-hidden=\"true\" class=\"e-font-icon-svg e-fas-check\" viewBox=\"0 0 512 512\" xmlns=\"http:\/\/www.w3.org\/2000\/svg\"><path d=\"M173.898 439.404l-166.4-166.4c-9.997-9.997-9.997-26.206 0-36.204l36.203-36.204c9.997-9.998 26.207-9.998 36.204 0L192 312.69 432.095 72.596c9.997-9.997 26.207-9.997 36.204 0l36.203 36.204c9.997 9.997 9.997 26.206 0 36.204l-294.4 294.401c-9.998 9.997-26.207 9.997-36.204-.001z\"><\/path><\/svg>\t\t\t\t\t\t<\/span>\n\t\t\t\t\t\t\t\t\t\t<span class=\"elementor-icon-list-text\">BEKO KL\u0130MA SERV\u0130S\u0130<\/span>\n\t\t\t\t\t\t\t\t\t\t\t<\/a>\n\t\t\t\t\t\t\t\t\t<\/li>\n\t\t\t\t\t\t\t\t<li class=\"elementor-icon-list-item\">\n\t\t\t\t\t\t\t\t\t\t\t<a href=\"https:\/\/tekirdagarcelikservisi.com.tr\/index.php\/beko-servisi\/beko-kombi-servisi\/\">\n\n\t\t\t\t\t\t\t\t\t\t\t\t<span class=\"elementor-icon-list-icon\">\n\t\t\t\t\t\t\t<svg aria-hidden=\"true\" class=\"e-font-icon-svg e-fas-check\" viewBox=\"0 0 512 512\" xmlns=\"http:\/\/www.w3.org\/2000\/svg\"><path d=\"M173.898 439.404l-166.4-166.4c-9.997-9.997-9.997-26.206 0-36.204l36.203-36.204c9.997-9.998 26.207-9.998 36.204 0L192 312.69 432.095 72.596c9.997-9.997 26.207-9.997 36.204 0l36.203 36.204c9.997 9.997 9.997 26.206 0 36.204l-294.4 294.401c-9.998 9.997-26.207 9.997-36.204-.001z\"><\/path><\/svg>\t\t\t\t\t\t<\/span>\n\t\t\t\t\t\t\t\t\t\t<span class=\"elementor-icon-list-text\">BEKO KOMB\u0130 SERV\u0130S\u0130<\/span>\n\t\t\t\t\t\t\t\t\t\t\t<\/a>\n\t\t\t\t\t\t\t\t\t<\/li>\n\t\t\t\t\t\t<\/ul>\n\t\t\t\t\t\t<\/div>\n\t\t\t\t<\/div>\n\t\t\t\t<\/div>\n\t\t<div class=\"elementor-element elementor-element-652d7f43 e-con-full e-flex e-con e-child\" data-id=\"652d7f43\" data-element_type=\"container\" data-e-type=\"container\">\n\t\t\t\t<div class=\"elementor-element elementor-element-6577e896 elementor-widget elementor-widget-heading\" data-id=\"6577e896\" data-element_type=\"widget\" data-e-type=\"widget\" data-widget_type=\"heading.default\">\n\t\t\t\t<div class=\"elementor-widget-container\">\n\t\t\t\t\t<h2 class=\"elementor-heading-title elementor-size-default\">TEK\u0130RDA\u011e BEKO SERV\u0130S\u0130 H\u0130ZMET B\u00d6LGELER\u0130<\/h2>\t\t\t\t<\/div>\n\t\t\t\t<\/div>\n\t\t\t\t<div class=\"elementor-element elementor-element-53f593bc elementor-icon-list--layout-traditional elementor-list-item-link-full_width elementor-widget elementor-widget-icon-list\" data-id=\"53f593bc\" data-element_type=\"widget\" data-e-type=\"widget\" data-widget_type=\"icon-list.default\">\n\t\t\t\t<div class=\"elementor-widget-container\">\n\t\t\t\t\t\t\t<ul class=\"elementor-icon-list-items\">\n\t\t\t\t\t\t\t<li class=\"elementor-icon-list-item\">\n\t\t\t\t\t\t\t\t\t\t\t<a href=\"https:\/\/tekirdagarcelikservisi.com.tr\/index.php\/2024\/02\/28\/tekirdag-beko-servisi-0282-263-22-96\/\">\n\n\t\t\t\t\t\t\t\t\t\t\t\t<span class=\"elementor-icon-list-icon\">\n\t\t\t\t\t\t\t<svg aria-hidden=\"true\" class=\"e-font-icon-svg e-fas-check\" viewBox=\"0 0 512 512\" xmlns=\"http:\/\/www.w3.org\/2000\/svg\"><path d=\"M173.898 439.404l-166.4-166.4c-9.997-9.997-9.997-26.206 0-36.204l36.203-36.204c9.997-9.998 26.207-9.998 36.204 0L192 312.69 432.095 72.596c9.997-9.997 26.207-9.997 36.204 0l36.203 36.204c9.997 9.997 9.997 26.206 0 36.204l-294.4 294.401c-9.998 9.997-26.207 9.997-36.204-.001z\"><\/path><\/svg>\t\t\t\t\t\t<\/span>\n\t\t\t\t\t\t\t\t\t\t<span class=\"elementor-icon-list-text\">TEK\u0130RDA\u011e BEKO SERV\u0130S\u0130<\/span>\n\t\t\t\t\t\t\t\t\t\t\t<\/a>\n\t\t\t\t\t\t\t\t\t<\/li>\n\t\t\t\t\t\t\t\t<li class=\"elementor-icon-list-item\">\n\t\t\t\t\t\t\t\t\t\t\t<a href=\"https:\/\/tekirdagarcelikservisi.com.tr\/index.php\/2024\/02\/27\/suleymanpasa-beko-servisi-0282-263-22-96\/\">\n\n\t\t\t\t\t\t\t\t\t\t\t\t<span class=\"elementor-icon-list-icon\">\n\t\t\t\t\t\t\t<svg aria-hidden=\"true\" class=\"e-font-icon-svg e-fas-check\" viewBox=\"0 0 512 512\" xmlns=\"http:\/\/www.w3.org\/2000\/svg\"><path d=\"M173.898 439.404l-166.4-166.4c-9.997-9.997-9.997-26.206 0-36.204l36.203-36.204c9.997-9.998 26.207-9.998 36.204 0L192 312.69 432.095 72.596c9.997-9.997 26.207-9.997 36.204 0l36.203 36.204c9.997 9.997 9.997 26.206 0 36.204l-294.4 294.401c-9.998 9.997-26.207 9.997-36.204-.001z\"><\/path><\/svg>\t\t\t\t\t\t<\/span>\n\t\t\t\t\t\t\t\t\t\t<span class=\"elementor-icon-list-text\">S\u00dcLEYMANPA\u015eA BEKO SERV\u0130S\u0130<\/span>\n\t\t\t\t\t\t\t\t\t\t\t<\/a>\n\t\t\t\t\t\t\t\t\t<\/li>\n\t\t\t\t\t\t\t\t<li class=\"elementor-icon-list-item\">\n\t\t\t\t\t\t\t\t\t\t\t<a href=\"https:\/\/tekirdagarcelikservisi.com.tr\/index.php\/2024\/02\/27\/kumbag-beko-servisi-0282-263-22-96\/\">\n\n\t\t\t\t\t\t\t\t\t\t\t\t<span class=\"elementor-icon-list-icon\">\n\t\t\t\t\t\t\t<svg aria-hidden=\"true\" class=\"e-font-icon-svg e-fas-check\" viewBox=\"0 0 512 512\" xmlns=\"http:\/\/www.w3.org\/2000\/svg\"><path d=\"M173.898 439.404l-166.4-166.4c-9.997-9.997-9.997-26.206 0-36.204l36.203-36.204c9.997-9.998 26.207-9.998 36.204 0L192 312.69 432.095 72.596c9.997-9.997 26.207-9.997 36.204 0l36.203 36.204c9.997 9.997 9.997 26.206 0 36.204l-294.4 294.401c-9.998 9.997-26.207 9.997-36.204-.001z\"><\/path><\/svg>\t\t\t\t\t\t<\/span>\n\t\t\t\t\t\t\t\t\t\t<span class=\"elementor-icon-list-text\">KUMBA\u011e BEKO SERV\u0130S\u0130<\/span>\n\t\t\t\t\t\t\t\t\t\t\t<\/a>\n\t\t\t\t\t\t\t\t\t<\/li>\n\t\t\t\t\t\t\t\t<li class=\"elementor-icon-list-item\">\n\t\t\t\t\t\t\t\t\t\t\t<a href=\"https:\/\/tekirdagarcelikservisi.com.tr\/index.php\/2024\/02\/28\/tekirdag-altinova-beko-servisi-0282-263-22-96\/\">\n\n\t\t\t\t\t\t\t\t\t\t\t\t<span class=\"elementor-icon-list-icon\">\n\t\t\t\t\t\t\t<svg aria-hidden=\"true\" class=\"e-font-icon-svg e-fas-check\" viewBox=\"0 0 512 512\" xmlns=\"http:\/\/www.w3.org\/2000\/svg\"><path d=\"M173.898 439.404l-166.4-166.4c-9.997-9.997-9.997-26.206 0-36.204l36.203-36.204c9.997-9.998 26.207-9.998 36.204 0L192 312.69 432.095 72.596c9.997-9.997 26.207-9.997 36.204 0l36.203 36.204c9.997 9.997 9.997 26.206 0 36.204l-294.4 294.401c-9.998 9.997-26.207 9.997-36.204-.001z\"><\/path><\/svg>\t\t\t\t\t\t<\/span>\n\t\t\t\t\t\t\t\t\t\t<span class=\"elementor-icon-list-text\">TEK\u0130RDA\u011e ALTINOVA BEKO SERV\u0130S\u0130<\/span>\n\t\t\t\t\t\t\t\t\t\t\t<\/a>\n\t\t\t\t\t\t\t\t\t<\/li>\n\t\t\t\t\t\t\t\t<li class=\"elementor-icon-list-item\">\n\t\t\t\t\t\t\t\t\t\t\t<a href=\"https:\/\/tekirdagarcelikservisi.com.tr\/index.php\/2024\/02\/28\/yenice-beko-servisi-0282-263-22-96\/\">\n\n\t\t\t\t\t\t\t\t\t\t\t\t<span class=\"elementor-icon-list-icon\">\n\t\t\t\t\t\t\t<svg aria-hidden=\"true\" class=\"e-font-icon-svg e-fas-check\" viewBox=\"0 0 512 512\" xmlns=\"http:\/\/www.w3.org\/2000\/svg\"><path d=\"M173.898 439.404l-166.4-166.4c-9.997-9.997-9.997-26.206 0-36.204l36.203-36.204c9.997-9.998 26.207-9.998 36.204 0L192 312.69 432.095 72.596c9.997-9.997 26.207-9.997 36.204 0l36.203 36.204c9.997 9.997 9.997 26.206 0 36.204l-294.4 294.401c-9.998 9.997-26.207 9.997-36.204-.001z\"><\/path><\/svg>\t\t\t\t\t\t<\/span>\n\t\t\t\t\t\t\t\t\t\t<span class=\"elementor-icon-list-text\">YEN\u0130CE BEKO SERV\u0130S\u0130<\/span>\n\t\t\t\t\t\t\t\t\t\t\t<\/a>\n\t\t\t\t\t\t\t\t\t<\/li>\n\t\t\t\t\t\t\t\t<li class=\"elementor-icon-list-item\">\n\t\t\t\t\t\t\t\t\t\t\t<a href=\"https:\/\/tekirdagarcelikservisi.com.tr\/index.php\/2024\/02\/28\/yeniciftlik-beko-servisi-0282-263-22-96\/\">\n\n\t\t\t\t\t\t\t\t\t\t\t\t<span class=\"elementor-icon-list-icon\">\n\t\t\t\t\t\t\t<svg aria-hidden=\"true\" class=\"e-font-icon-svg e-fas-check\" viewBox=\"0 0 512 512\" xmlns=\"http:\/\/www.w3.org\/2000\/svg\"><path d=\"M173.898 439.404l-166.4-166.4c-9.997-9.997-9.997-26.206 0-36.204l36.203-36.204c9.997-9.998 26.207-9.998 36.204 0L192 312.69 432.095 72.596c9.997-9.997 26.207-9.997 36.204 0l36.203 36.204c9.997 9.997 9.997 26.206 0 36.204l-294.4 294.401c-9.998 9.997-26.207 9.997-36.204-.001z\"><\/path><\/svg>\t\t\t\t\t\t<\/span>\n\t\t\t\t\t\t\t\t\t\t<span class=\"elementor-icon-list-text\">YEN\u0130\u00c7\u0130FTL\u0130K BEKO SERV\u0130S\u0130<\/span>\n\t\t\t\t\t\t\t\t\t\t\t<\/a>\n\t\t\t\t\t\t\t\t\t<\/li>\n\t\t\t\t\t\t\t\t<li class=\"elementor-icon-list-item\">\n\t\t\t\t\t\t\t\t\t\t\t<a href=\"https:\/\/tekirdagarcelikservisi.com.tr\/index.php\/2024\/02\/28\/marmaraereglisi-beko-servisi-0282-263-22-96\/\">\n\n\t\t\t\t\t\t\t\t\t\t\t\t<span class=\"elementor-icon-list-icon\">\n\t\t\t\t\t\t\t<svg aria-hidden=\"true\" class=\"e-font-icon-svg e-fas-check\" viewBox=\"0 0 512 512\" xmlns=\"http:\/\/www.w3.org\/2000\/svg\"><path d=\"M173.898 439.404l-166.4-166.4c-9.997-9.997-9.997-26.206 0-36.204l36.203-36.204c9.997-9.998 26.207-9.998 36.204 0L192 312.69 432.095 72.596c9.997-9.997 26.207-9.997 36.204 0l36.203 36.204c9.997 9.997 9.997 26.206 0 36.204l-294.4 294.401c-9.998 9.997-26.207 9.997-36.204-.001z\"><\/path><\/svg>\t\t\t\t\t\t<\/span>\n\t\t\t\t\t\t\t\t\t\t<span class=\"elementor-icon-list-text\">MARMARAERE\u011eL\u0130S\u0130 BEKO SERV\u0130S\u0130<\/span>\n\t\t\t\t\t\t\t\t\t\t\t<\/a>\n\t\t\t\t\t\t\t\t\t<\/li>\n\t\t\t\t\t\t\t\t<li class=\"elementor-icon-list-item\">\n\t\t\t\t\t\t\t\t\t\t\t<a href=\"https:\/\/tekirdagarcelikservisi.com.tr\/index.php\/2024\/02\/28\/muratli-beko-servisi-0282-263-22-96\/\">\n\n\t\t\t\t\t\t\t\t\t\t\t\t<span class=\"elementor-icon-list-icon\">\n\t\t\t\t\t\t\t<svg aria-hidden=\"true\" class=\"e-font-icon-svg e-fas-check\" viewBox=\"0 0 512 512\" xmlns=\"http:\/\/www.w3.org\/2000\/svg\"><path d=\"M173.898 439.404l-166.4-166.4c-9.997-9.997-9.997-26.206 0-36.204l36.203-36.204c9.997-9.998 26.207-9.998 36.204 0L192 312.69 432.095 72.596c9.997-9.997 26.207-9.997 36.204 0l36.203 36.204c9.997 9.997 9.997 26.206 0 36.204l-294.4 294.401c-9.998 9.997-26.207 9.997-36.204-.001z\"><\/path><\/svg>\t\t\t\t\t\t<\/span>\n\t\t\t\t\t\t\t\t\t\t<span class=\"elementor-icon-list-text\">MURATLI BEKO SERV\u0130S\u0130<\/span>\n\t\t\t\t\t\t\t\t\t\t\t<\/a>\n\t\t\t\t\t\t\t\t\t<\/li>\n\t\t\t\t\t\t\t\t<li class=\"elementor-icon-list-item\">\n\t\t\t\t\t\t\t\t\t\t\t<a href=\"https:\/\/tekirdagarcelikservisi.com.tr\/index.php\/2024\/02\/28\/tekirdag-hurriyet-mahallesi-beko-servisi\/\">\n\n\t\t\t\t\t\t\t\t\t\t\t\t<span class=\"elementor-icon-list-icon\">\n\t\t\t\t\t\t\t<svg aria-hidden=\"true\" class=\"e-font-icon-svg e-fas-check\" viewBox=\"0 0 512 512\" xmlns=\"http:\/\/www.w3.org\/2000\/svg\"><path d=\"M173.898 439.404l-166.4-166.4c-9.997-9.997-9.997-26.206 0-36.204l36.203-36.204c9.997-9.998 26.207-9.998 36.204 0L192 312.69 432.095 72.596c9.997-9.997 26.207-9.997 36.204 0l36.203 36.204c9.997 9.997 9.997 26.206 0 36.204l-294.4 294.401c-9.998 9.997-26.207 9.997-36.204-.001z\"><\/path><\/svg>\t\t\t\t\t\t<\/span>\n\t\t\t\t\t\t\t\t\t\t<span class=\"elementor-icon-list-text\">TEK\u0130RDA\u011e H\u00dcRR\u0130YET MAHALLES\u0130 BEKO SERV\u0130S\u0130<\/span>\n\t\t\t\t\t\t\t\t\t\t\t<\/a>\n\t\t\t\t\t\t\t\t\t<\/li>\n\t\t\t\t\t\t\t\t<li class=\"elementor-icon-list-item\">\n\t\t\t\t\t\t\t\t\t\t\t<a href=\"https:\/\/tekirdagarcelikservisi.com.tr\/index.php\/2024\/02\/28\/degirmenalti-beko-servisi-0282-263-22-96\/\">\n\n\t\t\t\t\t\t\t\t\t\t\t\t<span class=\"elementor-icon-list-icon\">\n\t\t\t\t\t\t\t<svg aria-hidden=\"true\" class=\"e-font-icon-svg e-fas-check\" viewBox=\"0 0 512 512\" xmlns=\"http:\/\/www.w3.org\/2000\/svg\"><path d=\"M173.898 439.404l-166.4-166.4c-9.997-9.997-9.997-26.206 0-36.204l36.203-36.204c9.997-9.998 26.207-9.998 36.204 0L192 312.69 432.095 72.596c9.997-9.997 26.207-9.997 36.204 0l36.203 36.204c9.997 9.997 9.997 26.206 0 36.204l-294.4 294.401c-9.998 9.997-26.207 9.997-36.204-.001z\"><\/path><\/svg>\t\t\t\t\t\t<\/span>\n\t\t\t\t\t\t\t\t\t\t<span class=\"elementor-icon-list-text\">DE\u011e\u0130RMENALTI BEKO SERV\u0130S\u0130<\/span>\n\t\t\t\t\t\t\t\t\t\t\t<\/a>\n\t\t\t\t\t\t\t\t\t<\/li>\n\t\t\t\t\t\t\t\t<li class=\"elementor-icon-list-item\">\n\t\t\t\t\t\t\t\t\t\t\t<a href=\"https:\/\/tekirdagarcelikservisi.com.tr\/index.php\/2024\/02\/28\/corlu-beko-servisi-0282-263-22-96\/\">\n\n\t\t\t\t\t\t\t\t\t\t\t\t<span class=\"elementor-icon-list-icon\">\n\t\t\t\t\t\t\t<svg aria-hidden=\"true\" class=\"e-font-icon-svg e-fas-check\" viewBox=\"0 0 512 512\" xmlns=\"http:\/\/www.w3.org\/2000\/svg\"><path d=\"M173.898 439.404l-166.4-166.4c-9.997-9.997-9.997-26.206 0-36.204l36.203-36.204c9.997-9.998 26.207-9.998 36.204 0L192 312.69 432.095 72.596c9.997-9.997 26.207-9.997 36.204 0l36.203 36.204c9.997 9.997 9.997 26.206 0 36.204l-294.4 294.401c-9.998 9.997-26.207 9.997-36.204-.001z\"><\/path><\/svg>\t\t\t\t\t\t<\/span>\n\t\t\t\t\t\t\t\t\t\t<span class=\"elementor-icon-list-text\">\u00c7ORLU BEKO SERV\u0130S\u0130<\/span>\n\t\t\t\t\t\t\t\t\t\t\t<\/a>\n\t\t\t\t\t\t\t\t\t<\/li>\n\t\t\t\t\t\t\t\t<li class=\"elementor-icon-list-item\">\n\t\t\t\t\t\t\t\t\t\t\t<a href=\"https:\/\/tekirdagarcelikservisi.com.tr\/index.php\/2024\/02\/28\/ergene-beko-servisi-0282-263-22-96\/\">\n\n\t\t\t\t\t\t\t\t\t\t\t\t<span class=\"elementor-icon-list-icon\">\n\t\t\t\t\t\t\t<svg aria-hidden=\"true\" class=\"e-font-icon-svg e-fas-check\" viewBox=\"0 0 512 512\" xmlns=\"http:\/\/www.w3.org\/2000\/svg\"><path d=\"M173.898 439.404l-166.4-166.4c-9.997-9.997-9.997-26.206 0-36.204l36.203-36.204c9.997-9.998 26.207-9.998 36.204 0L192 312.69 432.095 72.596c9.997-9.997 26.207-9.997 36.204 0l36.203 36.204c9.997 9.997 9.997 26.206 0 36.204l-294.4 294.401c-9.998 9.997-26.207 9.997-36.204-.001z\"><\/path><\/svg>\t\t\t\t\t\t<\/span>\n\t\t\t\t\t\t\t\t\t\t<span class=\"elementor-icon-list-text\">ERGENE BEKO SERV\u0130S\u0130<\/span>\n\t\t\t\t\t\t\t\t\t\t\t<\/a>\n\t\t\t\t\t\t\t\t\t<\/li>\n\t\t\t\t\t\t<\/ul>\n\t\t\t\t\t\t<\/div>\n\t\t\t\t<\/div>\n\t\t\t\t<\/div>\n\t\t<div class=\"elementor-element elementor-element-74271f45 e-con-full e-flex e-con e-child\" data-id=\"74271f45\" data-element_type=\"container\" data-e-type=\"container\">\n\t\t\t\t<div class=\"elementor-element elementor-element-3459bd16 elementor-widget elementor-widget-heading\" data-id=\"3459bd16\" data-element_type=\"widget\" data-e-type=\"widget\" data-widget_type=\"heading.default\">\n\t\t\t\t<div class=\"elementor-widget-container\">\n\t\t\t\t\t<h4 class=\"elementor-heading-title elementor-size-default\">Ayn\u0131 G\u00fcn Servis Deste\u011fi Al\u0131n.<\/h4>\t\t\t\t<\/div>\n\t\t\t\t<\/div>\n\t\t\t\t<div class=\"elementor-element elementor-element-4e833f2b elementor-widget elementor-widget-text-editor\" data-id=\"4e833f2b\" data-element_type=\"widget\" data-e-type=\"widget\" data-widget_type=\"text-editor.default\">\n\t\t\t\t<div class=\"elementor-widget-container\">\n\t\t\t\t\t\t\t\t\t<p><strong>Beko cihazlar\u0131n\u0131z\u0131n bak\u0131m, onar\u0131m veya kurulum hizmetlerine ihtiya\u00e7 duydu\u011funuzda, Tekirda\u011f Beko Servisi olarak bir telefon kadar uza\u011f\u0131n\u0131zday\u0131z. Hemen bizimle ileti\u015fime ge\u00e7in ve profesyonel hizmetin fark\u0131n\u0131 ya\u015fay\u0131n.<\/strong><\/p>\t\t\t\t\t\t\t\t<\/div>\n\t\t\t\t<\/div>\n\t\t\t\t<div class=\"elementor-element elementor-element-3e90f277 e-grid-align-left elementor-shape-rounded elementor-grid-0 elementor-widget elementor-widget-social-icons\" data-id=\"3e90f277\" data-element_type=\"widget\" data-e-type=\"widget\" data-widget_type=\"social-icons.default\">\n\t\t\t\t<div class=\"elementor-widget-container\">\n\t\t\t\t\t\t\t<div class=\"elementor-social-icons-wrapper elementor-grid\">\n\t\t\t\t\t\t\t<span class=\"elementor-grid-item\">\n\t\t\t\t\t<a class=\"elementor-icon elementor-social-icon elementor-social-icon-whatsapp elementor-repeater-item-f3f8448\" href=\"https:\/\/wa.me\/+905358762580\" target=\"_blank\">\n\t\t\t\t\t\t<span class=\"elementor-screen-only\">Whatsapp<\/span>\n\t\t\t\t\t\t<svg aria-hidden=\"true\" class=\"e-font-icon-svg e-fab-whatsapp\" viewBox=\"0 0 448 512\" xmlns=\"http:\/\/www.w3.org\/2000\/svg\"><path d=\"M380.9 97.1C339 55.1 283.2 32 223.9 32c-122.4 0-222 99.6-222 222 0 39.1 10.2 77.3 29.6 111L0 480l117.7-30.9c32.4 17.7 68.9 27 106.1 27h.1c122.3 0 224.1-99.6 224.1-222 0-59.3-25.2-115-67.1-157zm-157 341.6c-33.2 0-65.7-8.9-94-25.7l-6.7-4-69.8 18.3L72 359.2l-4.4-7c-18.5-29.4-28.2-63.3-28.2-98.2 0-101.7 82.8-184.5 184.6-184.5 49.3 0 95.6 19.2 130.4 54.1 34.8 34.9 56.2 81.2 56.1 130.5 0 101.8-84.9 184.6-186.6 184.6zm101.2-138.2c-5.5-2.8-32.8-16.2-37.9-18-5.1-1.9-8.8-2.8-12.5 2.8-3.7 5.6-14.3 18-17.6 21.8-3.2 3.7-6.5 4.2-12 1.4-32.6-16.3-54-29.1-75.5-66-5.7-9.8 5.7-9.1 16.3-30.3 1.8-3.7.9-6.9-.5-9.7-1.4-2.8-12.5-30.1-17.1-41.2-4.5-10.8-9.1-9.3-12.5-9.5-3.2-.2-6.9-.2-10.6-.2-3.7 0-9.7 1.4-14.8 6.9-5.1 5.6-19.4 19-19.4 46.3 0 27.3 19.9 53.7 22.6 57.4 2.8 3.7 39.1 59.7 94.8 83.8 35.2 15.2 49 16.5 66.6 13.9 10.7-1.6 32.8-13.4 37.4-26.4 4.6-13 4.6-24.1 3.2-26.4-1.3-2.5-5-3.9-10.5-6.6z\"><\/path><\/svg>\t\t\t\t\t<\/a>\n\t\t\t\t<\/span>\n\t\t\t\t\t<\/div>\n\t\t\t\t\t\t<\/div>\n\t\t\t\t<\/div>\n\t\t\t\t<div class=\"elementor-element elementor-element-7213908b elementor-widget elementor-widget-heading\" data-id=\"7213908b\" data-element_type=\"widget\" data-e-type=\"widget\" data-widget_type=\"heading.default\">\n\t\t\t\t<div class=\"elementor-widget-container\">\n\t\t\t\t\t<h4 class=\"elementor-heading-title elementor-size-default\"><a href=\"https:\/\/wa.me\/+905358762580\">WhatsApp \u0130leti\u015fime T\u0131kla Ba\u011flan.<\/a><\/h4>\t\t\t\t<\/div>\n\t\t\t\t<\/div>\n\t\t\t\t<div class=\"elementor-element elementor-element-3d01a1bf elementor-widget elementor-widget-text-editor\" data-id=\"3d01a1bf\" data-element_type=\"widget\" data-e-type=\"widget\" data-widget_type=\"text-editor.default\">\n\t\t\t\t<div class=\"elementor-widget-container\">\n\t\t\t\t\t\t\t\t\t<div class=\"elementor-element elementor-element-62edf62 elementor-widget elementor-widget-text-editor\" data-id=\"62edf62\" data-element_type=\"widget\" data-widget_type=\"text-editor.default\">\n<div class=\"elementor-widget-container\">\n<div class=\"elementor-element elementor-element-4294377 elementor-widget elementor-widget-text-editor\" data-id=\"4294377\" data-element_type=\"widget\" data-widget_type=\"text-editor.default\">\n<div class=\"elementor-widget-container\">\n<p><strong>WhatsApp \u0130leti\u015fim \u00dczerinden Uzmanlar\u0131m\u0131zdan Servis \u00d6ncesi 7\/24 Bilgi Alabilirsiniz<\/strong><\/p>\n<\/div>\n<\/div>\n<\/div>\n<\/div>\t\t\t\t\t\t\t\t<\/div>\n\t\t\t\t<\/div>\n\t\t\t\t<div class=\"elementor-element elementor-element-1b3ccf59 elementor-align-center elementor-widget elementor-widget-button\" data-id=\"1b3ccf59\" data-element_type=\"widget\" data-e-type=\"widget\" data-widget_type=\"button.default\">\n\t\t\t\t<div class=\"elementor-widget-container\">\n\t\t\t\t\t\t\t\t\t<div class=\"elementor-button-wrapper\">\n\t\t\t\t\t<a class=\"elementor-button elementor-button-link elementor-size-sm\" href=\"tel:02822632296\">\n\t\t\t\t\t\t<span class=\"elementor-button-content-wrapper\">\n\t\t\t\t\t\t\t\t\t<span class=\"elementor-button-text\">0282 263 22 96<\/span>\n\t\t\t\t\t<\/span>\n\t\t\t\t\t<\/a>\n\t\t\t\t<\/div>\n\t\t\t\t\t\t\t\t<\/div>\n\t\t\t\t<\/div>\n\t\t\t\t<\/div>\n\t\t\t\t\t<\/div>\n\t\t\t\t<\/div>\n\t\t\t\t<\/div>\n\t\t","protected":false},"excerpt":{"rendered":"<p>Tekirda\u011f Beko Kombi Bak\u0131m Servisi 0282 263 22 96 Tekirda\u011f Beko kombi bak\u0131m servisi olarak, kombi sistemlerinizin d\u00fczenli bak\u0131m\u0131n\u0131 \u00fcstleniyoruz. Uzman ekiplerimiz, kombilerinizin verimli \u00e7al\u0131\u015fmas\u0131n\u0131 [&hellip;]<\/p>\n","protected":false},"author":1,"featured_media":0,"parent":131,"menu_order":2,"comment_status":"closed","ping_status":"closed","template":"page-templates\/page_front-page.php","meta":{"footnotes":""},"class_list":["post-191","page","type-page","status-publish","hentry"],"yoast_head":"<!-- This site is optimized with the Yoast SEO plugin v27.4 - https:\/\/yoast.com\/product\/yoast-seo-wordpress\/ -->\n<title>Beko Kombi Bak\u0131m Servisi - Tekirda\u011f 0282 263 22 96<\/title>\n<meta name=\"description\" content=\"Tekirda\u011f Beko Kombi Bak\u0131m Servisi 0282 263 22 96 Beko kombi bak\u0131m\u0131nda, uzman teknisyenlerimiz a\u015fa\u011f\u0131daki i\u015flemleri ger\u00e7ekle\u015ftirir:\" \/>\n<meta name=\"robots\" content=\"index, follow, max-snippet:-1, max-image-preview:large, max-video-preview:-1\" \/>\n<link rel=\"canonical\" href=\"https:\/\/tekirdagarcelikservisi.com.tr\/index.php\/beko-servisi\/beko-kombi-servisi\/beko-kombi-bakim-servisi\/\" \/>\n<meta property=\"og:locale\" content=\"tr_TR\" \/>\n<meta property=\"og:type\" content=\"article\" \/>\n<meta property=\"og:title\" content=\"Beko Kombi Bak\u0131m Servisi - Tekirda\u011f 0282 263 22 96\" \/>\n<meta property=\"og:description\" content=\"Tekirda\u011f Beko Kombi Bak\u0131m Servisi 0282 263 22 96 Beko kombi bak\u0131m\u0131nda, uzman teknisyenlerimiz a\u015fa\u011f\u0131daki i\u015flemleri ger\u00e7ekle\u015ftirir:\" \/>\n<meta property=\"og:url\" content=\"https:\/\/tekirdagarcelikservisi.com.tr\/index.php\/beko-servisi\/beko-kombi-servisi\/beko-kombi-bakim-servisi\/\" \/>\n<meta property=\"og:site_name\" content=\"Tekirda\u011f Ar\u00e7elik Servisi 0282 263 22 96\" \/>\n<meta property=\"article:modified_time\" content=\"2024-06-05T08:47:19+00:00\" \/>\n<meta property=\"og:image\" content=\"https:\/\/tekirdagarcelikservisi.com.tr\/wp-content\/uploads\/2024\/02\/Beko-Kombi-Bakim-Servisi.jpg\" \/>\n<meta name=\"twitter:card\" content=\"summary_large_image\" \/>\n<meta name=\"twitter:label1\" content=\"Tahmini okuma s\u00fcresi\" \/>\n\t<meta name=\"twitter:data1\" content=\"6 dakika\" \/>\n<script type=\"application\/ld+json\" class=\"yoast-schema-graph\">{\"@context\":\"https:\\\/\\\/schema.org\",\"@graph\":[{\"@type\":\"WebPage\",\"@id\":\"https:\\\/\\\/tekirdagarcelikservisi.com.tr\\\/index.php\\\/beko-servisi\\\/beko-kombi-servisi\\\/beko-kombi-bakim-servisi\\\/\",\"url\":\"https:\\\/\\\/tekirdagarcelikservisi.com.tr\\\/index.php\\\/beko-servisi\\\/beko-kombi-servisi\\\/beko-kombi-bakim-servisi\\\/\",\"name\":\"Beko Kombi Bak\u0131m Servisi - Tekirda\u011f 0282 263 22 96\",\"isPartOf\":{\"@id\":\"https:\\\/\\\/tekirdagarcelikservisi.com.tr\\\/#website\"},\"primaryImageOfPage\":{\"@id\":\"https:\\\/\\\/tekirdagarcelikservisi.com.tr\\\/index.php\\\/beko-servisi\\\/beko-kombi-servisi\\\/beko-kombi-bakim-servisi\\\/#primaryimage\"},\"image\":{\"@id\":\"https:\\\/\\\/tekirdagarcelikservisi.com.tr\\\/index.php\\\/beko-servisi\\\/beko-kombi-servisi\\\/beko-kombi-bakim-servisi\\\/#primaryimage\"},\"thumbnailUrl\":\"https:\\\/\\\/tekirdagarcelikservisi.com.tr\\\/wp-content\\\/uploads\\\/2024\\\/02\\\/Beko-Kombi-Bakim-Servisi.jpg\",\"datePublished\":\"2024-02-25T13:07:01+00:00\",\"dateModified\":\"2024-06-05T08:47:19+00:00\",\"description\":\"Tekirda\u011f Beko Kombi Bak\u0131m Servisi 0282 263 22 96 Beko kombi bak\u0131m\u0131nda, uzman teknisyenlerimiz a\u015fa\u011f\u0131daki i\u015flemleri ger\u00e7ekle\u015ftirir:\",\"breadcrumb\":{\"@id\":\"https:\\\/\\\/tekirdagarcelikservisi.com.tr\\\/index.php\\\/beko-servisi\\\/beko-kombi-servisi\\\/beko-kombi-bakim-servisi\\\/#breadcrumb\"},\"inLanguage\":\"tr\",\"potentialAction\":[{\"@type\":\"ReadAction\",\"target\":[\"https:\\\/\\\/tekirdagarcelikservisi.com.tr\\\/index.php\\\/beko-servisi\\\/beko-kombi-servisi\\\/beko-kombi-bakim-servisi\\\/\"]}]},{\"@type\":\"ImageObject\",\"inLanguage\":\"tr\",\"@id\":\"https:\\\/\\\/tekirdagarcelikservisi.com.tr\\\/index.php\\\/beko-servisi\\\/beko-kombi-servisi\\\/beko-kombi-bakim-servisi\\\/#primaryimage\",\"url\":\"https:\\\/\\\/tekirdagarcelikservisi.com.tr\\\/wp-content\\\/uploads\\\/2024\\\/02\\\/Beko-Kombi-Bakim-Servisi.jpg\",\"contentUrl\":\"https:\\\/\\\/tekirdagarcelikservisi.com.tr\\\/wp-content\\\/uploads\\\/2024\\\/02\\\/Beko-Kombi-Bakim-Servisi.jpg\",\"width\":1004,\"height\":591,\"caption\":\"Beko Kombi Bak\u0131m Servisi\"},{\"@type\":\"BreadcrumbList\",\"@id\":\"https:\\\/\\\/tekirdagarcelikservisi.com.tr\\\/index.php\\\/beko-servisi\\\/beko-kombi-servisi\\\/beko-kombi-bakim-servisi\\\/#breadcrumb\",\"itemListElement\":[{\"@type\":\"ListItem\",\"position\":1,\"name\":\"Anasayfa\",\"item\":\"https:\\\/\\\/tekirdagarcelikservisi.com.tr\\\/\"},{\"@type\":\"ListItem\",\"position\":2,\"name\":\"Beko Servisi\",\"item\":\"https:\\\/\\\/tekirdagarcelikservisi.com.tr\\\/index.php\\\/beko-servisi\\\/\"},{\"@type\":\"ListItem\",\"position\":3,\"name\":\"Beko Kombi Servisi\",\"item\":\"https:\\\/\\\/tekirdagarcelikservisi.com.tr\\\/index.php\\\/beko-servisi\\\/beko-kombi-servisi\\\/\"},{\"@type\":\"ListItem\",\"position\":4,\"name\":\"Beko Kombi Bak\u0131m Servisi\"}]},{\"@type\":\"WebSite\",\"@id\":\"https:\\\/\\\/tekirdagarcelikservisi.com.tr\\\/#website\",\"url\":\"https:\\\/\\\/tekirdagarcelikservisi.com.tr\\\/\",\"name\":\"Tekirda\u011f Ar\u00e7elik Servisi 0282 263 22 96\",\"description\":\"Ar\u00e7elik Beyaz E\u015fya Klima Kombi Servisi\",\"publisher\":{\"@id\":\"https:\\\/\\\/tekirdagarcelikservisi.com.tr\\\/#organization\"},\"potentialAction\":[{\"@type\":\"SearchAction\",\"target\":{\"@type\":\"EntryPoint\",\"urlTemplate\":\"https:\\\/\\\/tekirdagarcelikservisi.com.tr\\\/?s={search_term_string}\"},\"query-input\":{\"@type\":\"PropertyValueSpecification\",\"valueRequired\":true,\"valueName\":\"search_term_string\"}}],\"inLanguage\":\"tr\"},{\"@type\":\"Organization\",\"@id\":\"https:\\\/\\\/tekirdagarcelikservisi.com.tr\\\/#organization\",\"name\":\"Tekirda\u011f Ar\u00e7elik Servisi 0282 263 22 96\",\"url\":\"https:\\\/\\\/tekirdagarcelikservisi.com.tr\\\/\",\"logo\":{\"@type\":\"ImageObject\",\"inLanguage\":\"tr\",\"@id\":\"https:\\\/\\\/tekirdagarcelikservisi.com.tr\\\/#\\\/schema\\\/logo\\\/image\\\/\",\"url\":\"https:\\\/\\\/tekirdagarcelikservisi.com.tr\\\/wp-content\\\/uploads\\\/2024\\\/03\\\/arcelik_logo.png\",\"contentUrl\":\"https:\\\/\\\/tekirdagarcelikservisi.com.tr\\\/wp-content\\\/uploads\\\/2024\\\/03\\\/arcelik_logo.png\",\"width\":330,\"height\":330,\"caption\":\"Tekirda\u011f Ar\u00e7elik Servisi 0282 263 22 96\"},\"image\":{\"@id\":\"https:\\\/\\\/tekirdagarcelikservisi.com.tr\\\/#\\\/schema\\\/logo\\\/image\\\/\"}}]}<\/script>\n<!-- \/ Yoast SEO plugin. -->","yoast_head_json":{"title":"Beko Kombi Bak\u0131m Servisi - Tekirda\u011f 0282 263 22 96","description":"Tekirda\u011f Beko Kombi Bak\u0131m Servisi 0282 263 22 96 Beko kombi bak\u0131m\u0131nda, uzman teknisyenlerimiz a\u015fa\u011f\u0131daki i\u015flemleri ger\u00e7ekle\u015ftirir:","robots":{"index":"index","follow":"follow","max-snippet":"max-snippet:-1","max-image-preview":"max-image-preview:large","max-video-preview":"max-video-preview:-1"},"canonical":"https:\/\/tekirdagarcelikservisi.com.tr\/index.php\/beko-servisi\/beko-kombi-servisi\/beko-kombi-bakim-servisi\/","og_locale":"tr_TR","og_type":"article","og_title":"Beko Kombi Bak\u0131m Servisi - Tekirda\u011f 0282 263 22 96","og_description":"Tekirda\u011f Beko Kombi Bak\u0131m Servisi 0282 263 22 96 Beko kombi bak\u0131m\u0131nda, uzman teknisyenlerimiz a\u015fa\u011f\u0131daki i\u015flemleri ger\u00e7ekle\u015ftirir:","og_url":"https:\/\/tekirdagarcelikservisi.com.tr\/index.php\/beko-servisi\/beko-kombi-servisi\/beko-kombi-bakim-servisi\/","og_site_name":"Tekirda\u011f Ar\u00e7elik Servisi 0282 263 22 96","article_modified_time":"2024-06-05T08:47:19+00:00","og_image":[{"url":"https:\/\/tekirdagarcelikservisi.com.tr\/wp-content\/uploads\/2024\/02\/Beko-Kombi-Bakim-Servisi.jpg","type":"","width":"","height":""}],"twitter_card":"summary_large_image","twitter_misc":{"Tahmini okuma s\u00fcresi":"6 dakika"},"schema":{"@context":"https:\/\/schema.org","@graph":[{"@type":"WebPage","@id":"https:\/\/tekirdagarcelikservisi.com.tr\/index.php\/beko-servisi\/beko-kombi-servisi\/beko-kombi-bakim-servisi\/","url":"https:\/\/tekirdagarcelikservisi.com.tr\/index.php\/beko-servisi\/beko-kombi-servisi\/beko-kombi-bakim-servisi\/","name":"Beko Kombi Bak\u0131m Servisi - Tekirda\u011f 0282 263 22 96","isPartOf":{"@id":"https:\/\/tekirdagarcelikservisi.com.tr\/#website"},"primaryImageOfPage":{"@id":"https:\/\/tekirdagarcelikservisi.com.tr\/index.php\/beko-servisi\/beko-kombi-servisi\/beko-kombi-bakim-servisi\/#primaryimage"},"image":{"@id":"https:\/\/tekirdagarcelikservisi.com.tr\/index.php\/beko-servisi\/beko-kombi-servisi\/beko-kombi-bakim-servisi\/#primaryimage"},"thumbnailUrl":"https:\/\/tekirdagarcelikservisi.com.tr\/wp-content\/uploads\/2024\/02\/Beko-Kombi-Bakim-Servisi.jpg","datePublished":"2024-02-25T13:07:01+00:00","dateModified":"2024-06-05T08:47:19+00:00","description":"Tekirda\u011f Beko Kombi Bak\u0131m Servisi 0282 263 22 96 Beko kombi bak\u0131m\u0131nda, uzman teknisyenlerimiz a\u015fa\u011f\u0131daki i\u015flemleri ger\u00e7ekle\u015ftirir:","breadcrumb":{"@id":"https:\/\/tekirdagarcelikservisi.com.tr\/index.php\/beko-servisi\/beko-kombi-servisi\/beko-kombi-bakim-servisi\/#breadcrumb"},"inLanguage":"tr","potentialAction":[{"@type":"ReadAction","target":["https:\/\/tekirdagarcelikservisi.com.tr\/index.php\/beko-servisi\/beko-kombi-servisi\/beko-kombi-bakim-servisi\/"]}]},{"@type":"ImageObject","inLanguage":"tr","@id":"https:\/\/tekirdagarcelikservisi.com.tr\/index.php\/beko-servisi\/beko-kombi-servisi\/beko-kombi-bakim-servisi\/#primaryimage","url":"https:\/\/tekirdagarcelikservisi.com.tr\/wp-content\/uploads\/2024\/02\/Beko-Kombi-Bakim-Servisi.jpg","contentUrl":"https:\/\/tekirdagarcelikservisi.com.tr\/wp-content\/uploads\/2024\/02\/Beko-Kombi-Bakim-Servisi.jpg","width":1004,"height":591,"caption":"Beko Kombi Bak\u0131m Servisi"},{"@type":"BreadcrumbList","@id":"https:\/\/tekirdagarcelikservisi.com.tr\/index.php\/beko-servisi\/beko-kombi-servisi\/beko-kombi-bakim-servisi\/#breadcrumb","itemListElement":[{"@type":"ListItem","position":1,"name":"Anasayfa","item":"https:\/\/tekirdagarcelikservisi.com.tr\/"},{"@type":"ListItem","position":2,"name":"Beko Servisi","item":"https:\/\/tekirdagarcelikservisi.com.tr\/index.php\/beko-servisi\/"},{"@type":"ListItem","position":3,"name":"Beko Kombi Servisi","item":"https:\/\/tekirdagarcelikservisi.com.tr\/index.php\/beko-servisi\/beko-kombi-servisi\/"},{"@type":"ListItem","position":4,"name":"Beko Kombi Bak\u0131m Servisi"}]},{"@type":"WebSite","@id":"https:\/\/tekirdagarcelikservisi.com.tr\/#website","url":"https:\/\/tekirdagarcelikservisi.com.tr\/","name":"Tekirda\u011f Ar\u00e7elik Servisi 0282 263 22 96","description":"Ar\u00e7elik Beyaz E\u015fya Klima Kombi Servisi","publisher":{"@id":"https:\/\/tekirdagarcelikservisi.com.tr\/#organization"},"potentialAction":[{"@type":"SearchAction","target":{"@type":"EntryPoint","urlTemplate":"https:\/\/tekirdagarcelikservisi.com.tr\/?s={search_term_string}"},"query-input":{"@type":"PropertyValueSpecification","valueRequired":true,"valueName":"search_term_string"}}],"inLanguage":"tr"},{"@type":"Organization","@id":"https:\/\/tekirdagarcelikservisi.com.tr\/#organization","name":"Tekirda\u011f Ar\u00e7elik Servisi 0282 263 22 96","url":"https:\/\/tekirdagarcelikservisi.com.tr\/","logo":{"@type":"ImageObject","inLanguage":"tr","@id":"https:\/\/tekirdagarcelikservisi.com.tr\/#\/schema\/logo\/image\/","url":"https:\/\/tekirdagarcelikservisi.com.tr\/wp-content\/uploads\/2024\/03\/arcelik_logo.png","contentUrl":"https:\/\/tekirdagarcelikservisi.com.tr\/wp-content\/uploads\/2024\/03\/arcelik_logo.png","width":330,"height":330,"caption":"Tekirda\u011f Ar\u00e7elik Servisi 0282 263 22 96"},"image":{"@id":"https:\/\/tekirdagarcelikservisi.com.tr\/#\/schema\/logo\/image\/"}}]}},"_links":{"self":[{"href":"https:\/\/tekirdagarcelikservisi.com.tr\/index.php\/wp-json\/wp\/v2\/pages\/191","targetHints":{"allow":["GET"]}}],"collection":[{"href":"https:\/\/tekirdagarcelikservisi.com.tr\/index.php\/wp-json\/wp\/v2\/pages"}],"about":[{"href":"https:\/\/tekirdagarcelikservisi.com.tr\/index.php\/wp-json\/wp\/v2\/types\/page"}],"author":[{"embeddable":true,"href":"https:\/\/tekirdagarcelikservisi.com.tr\/index.php\/wp-json\/wp\/v2\/users\/1"}],"replies":[{"embeddable":true,"href":"https:\/\/tekirdagarcelikservisi.com.tr\/index.php\/wp-json\/wp\/v2\/comments?post=191"}],"version-history":[{"count":5,"href":"https:\/\/tekirdagarcelikservisi.com.tr\/index.php\/wp-json\/wp\/v2\/pages\/191\/revisions"}],"predecessor-version":[{"id":1189,"href":"https:\/\/tekirdagarcelikservisi.com.tr\/index.php\/wp-json\/wp\/v2\/pages\/191\/revisions\/1189"}],"up":[{"embeddable":true,"href":"https:\/\/tekirdagarcelikservisi.com.tr\/index.php\/wp-json\/wp\/v2\/pages\/131"}],"wp:attachment":[{"href":"https:\/\/tekirdagarcelikservisi.com.tr\/index.php\/wp-json\/wp\/v2\/media?parent=191"}],"curies":[{"name":"wp","href":"https:\/\/api.w.org\/{rel}","templated":true}]}}