{"id":129,"date":"2024-02-24T16:40:10","date_gmt":"2024-02-24T16:40:10","guid":{"rendered":"https:\/\/tekirdagarcelikservisi.com.tr\/?page_id=129"},"modified":"2024-06-04T19:48:16","modified_gmt":"2024-06-04T19:48:16","slug":"beko-klima-servisi","status":"publish","type":"page","link":"https:\/\/tekirdagarcelikservisi.com.tr\/index.php\/beko-servisi\/beko-klima-servisi\/","title":{"rendered":"Beko Klima Servisi"},"content":{"rendered":"\t\t<div data-elementor-type=\"wp-page\" data-elementor-id=\"129\" class=\"elementor elementor-129\">\n\t\t\t\t<div class=\"elementor-element elementor-element-46e87bd2 e-flex e-con-boxed e-con e-parent\" data-id=\"46e87bd2\" data-element_type=\"container\" data-e-type=\"container\">\n\t\t\t\t\t<div class=\"e-con-inner\">\n\t\t\t\t<div class=\"elementor-element elementor-element-5f995f74 elementor-widget elementor-widget-text-editor\" data-id=\"5f995f74\" data-element_type=\"widget\" data-e-type=\"widget\" data-widget_type=\"text-editor.default\">\n\t\t\t\t<div class=\"elementor-widget-container\">\n\t\t\t\t\t\t\t\t\t<p>\u00a0<\/p><p><img fetchpriority=\"high\" decoding=\"async\" class=\"alignnone size-full wp-image-135\" src=\"https:\/\/tekirdagarcelikservisi.com.tr\/wp-content\/uploads\/2024\/02\/Beko-Klima-Servisi.jpg\" alt=\"Beko Klima Servisi\" width=\"1004\" height=\"591\" srcset=\"https:\/\/tekirdagarcelikservisi.com.tr\/wp-content\/uploads\/2024\/02\/Beko-Klima-Servisi.jpg 1004w, https:\/\/tekirdagarcelikservisi.com.tr\/wp-content\/uploads\/2024\/02\/Beko-Klima-Servisi-300x177.jpg 300w, https:\/\/tekirdagarcelikservisi.com.tr\/wp-content\/uploads\/2024\/02\/Beko-Klima-Servisi-768x452.jpg 768w\" sizes=\"(max-width: 1004px) 100vw, 1004px\" \/><\/p><h1>Tekirda\u011f Beko Klima Servisi 0282 263 22 96<\/h1><p><a href=\"https:\/\/tekirdagarcelikservisi.com.tr\/\">Tekirda\u011f Beko Klima<\/a> Servisi olarak, klimalar\u0131n\u0131z\u0131n bak\u0131m\u0131, onar\u0131m\u0131 ve kurulumu konusunda uzmanla\u015fm\u0131\u015f bir ekip olarak hizmet veriyoruz. Beko markas\u0131yla ilgili t\u00fcm ihtiya\u00e7lar\u0131n\u0131z\u0131 kar\u015f\u0131lamak i\u00e7in buraday\u0131z. M\u00fc\u015fteri memnuniyetini \u00f6n planda tutarak, her t\u00fcrl\u00fc talebinize h\u0131zl\u0131 ve etkili \u00e7\u00f6z\u00fcmler sunuyoruz.\u00a0<\/p><p><strong>Deneyimli Teknik Ekip<\/strong><\/p><p>\u00d6ncelikle, deneyimli teknik ekibimizden bahsedelim. Uzun y\u0131llara dayanan deneyim ve uzmanl\u0131kla donat\u0131lm\u0131\u015f bu ekip, Beko markal\u0131 cihazlar\u0131n\u0131z\u0131n her t\u00fcrl\u00fc sorununu \u00e7\u00f6zmek i\u00e7in e\u011fitilmi\u015ftir. Alanlar\u0131nda uzman olan teknisyenlerimiz, en karma\u015f\u0131k sorunlar\u0131 bile \u00e7\u00f6zmek i\u00e7in donan\u0131ma sahiptir.<\/p><p><strong>H\u0131zl\u0131 ve Etkili Hizmet<\/strong><\/p><p>Ayr\u0131ca, h\u0131zl\u0131 ve etkili hizmetimizden bahsetmekte fayda var. M\u00fc\u015fterilerimizin zaman\u0131n\u0131 \u00f6nemsiyor ve sorunlar\u0131n\u0131 en k\u0131sa s\u00fcrede \u00e7\u00f6zmek i\u00e7in \u00e7al\u0131\u015f\u0131yoruz.\u00a0<a href=\"https:\/\/suleymanpasakombiservisi.com.tr\/index.php\/tekirdag-beko-servisi-0282-263-22-96\/\">Tekirda\u011f<\/a> genelindeki hizmet a\u011f\u0131m\u0131z, size en yak\u0131n noktada h\u0131zl\u0131 bir \u015fekilde servis sa\u011flayarak, klimalar\u0131n\u0131z\u0131n en verimli \u015fekilde \u00e7al\u0131\u015fmas\u0131n\u0131 sa\u011fl\u0131yor.<\/p><p><strong>Geni\u015f Hizmet A\u011f\u0131<\/strong><\/p><p>Bunun yan\u0131 s\u0131ra, geni\u015f hizmet a\u011f\u0131m\u0131z\u0131 da g\u00f6z \u00f6n\u00fcnde bulundurmal\u0131s\u0131n\u0131z. Tekirda\u011f genelindeki \u00e7e\u015fitli b\u00f6lgelere yay\u0131lm\u0131\u015f olan hizmet a\u011f\u0131m\u0131z, size daha kolay ve h\u0131zl\u0131 eri\u015fim sa\u011flar. Sadece araman\u0131z\u0131 bekliyor ve sizin i\u00e7in h\u0131zla harekete ge\u00e7iyoruz.<\/p><p><strong>G\u00fcvenilir ve Kaliteli Hizmet<\/strong><\/p><p>Son olarak, g\u00fcvenilir ve kaliteli hizmetimizden bahsedelim. M\u00fc\u015fteri memnuniyeti ve g\u00fcvenilirlik, i\u015fimizin temelini olu\u015fturur. Her m\u00fc\u015fteriye ayn\u0131 \u00f6zenle k\u0131saca kaliteyle hizmet veriyoruz. Beko markal\u0131 cihazlar\u0131n\u0131z i\u00e7in uzun vadeli \u00e7\u00f6z\u00fcmler sunarak, g\u00fcvenilir bir i\u015f orta\u011f\u0131 olmay\u0131 hedefliyoruz.\u00a0<\/p><p>Tekirda\u011f Beko Klima Servisi olarak, klimalar\u0131n\u0131z\u0131n ihtiya\u00e7lar\u0131n\u0131 kar\u015f\u0131lamak i\u00e7in buraday\u0131z. Bize ula\u015f\u0131n ve profesyonel k\u0131saca g\u00fcvenilir bir hizmet alman\u0131n keyfini ya\u015fay\u0131n.<\/p><p><a href=\"tel:02822632296\"><img decoding=\"async\" class=\"size-full wp-image-149 aligncenter\" src=\"https:\/\/tekirdagarcelikservisi.com.tr\/wp-content\/uploads\/2024\/02\/BEKO-DESTEK-MERKEZI.jpg\" alt=\"\" width=\"510\" height=\"226\" srcset=\"https:\/\/tekirdagarcelikservisi.com.tr\/wp-content\/uploads\/2024\/02\/BEKO-DESTEK-MERKEZI.jpg 510w, https:\/\/tekirdagarcelikservisi.com.tr\/wp-content\/uploads\/2024\/02\/BEKO-DESTEK-MERKEZI-300x133.jpg 300w\" sizes=\"(max-width: 510px) 100vw, 510px\" \/><\/a><\/p>\t\t\t\t\t\t\t\t<\/div>\n\t\t\t\t<\/div>\n\t\t\t\t\t<\/div>\n\t\t\t\t<\/div>\n\t\t<div class=\"elementor-element elementor-element-351bd36 e-flex e-con-boxed e-con e-parent\" data-id=\"351bd36\" data-element_type=\"container\" data-e-type=\"container\">\n\t\t\t\t\t<div class=\"e-con-inner\">\n\t\t\t\t<div class=\"elementor-element elementor-element-46f38d1 elementor-widget elementor-widget-heading\" data-id=\"46f38d1\" data-element_type=\"widget\" data-e-type=\"widget\" data-widget_type=\"heading.default\">\n\t\t\t\t<div class=\"elementor-widget-container\">\n\t\t\t\t\t<h2 class=\"elementor-heading-title elementor-size-default\">Tekirda\u011f Beko Klima Servisi Hizmetleri<\/h2>\t\t\t\t<\/div>\n\t\t\t\t<\/div>\n\t\t\t\t\t<\/div>\n\t\t\t\t<\/div>\n\t\t<div class=\"elementor-element elementor-element-61a89b2 e-flex e-con-boxed e-con e-parent\" data-id=\"61a89b2\" data-element_type=\"container\" data-e-type=\"container\">\n\t\t\t\t\t<div class=\"e-con-inner\">\n\t\t<div class=\"elementor-element elementor-element-47ff284 e-con-full e-flex e-con e-child\" data-id=\"47ff284\" data-element_type=\"container\" data-e-type=\"container\">\n\t\t\t\t<div class=\"elementor-element elementor-element-3aefccb elementor-widget elementor-widget-image\" data-id=\"3aefccb\" data-element_type=\"widget\" data-e-type=\"widget\" data-widget_type=\"image.default\">\n\t\t\t\t<div class=\"elementor-widget-container\">\n\t\t\t\t\t\t\t\t\t\t\t\t\t\t\t<img decoding=\"async\" width=\"500\" height=\"435\" src=\"https:\/\/tekirdagarcelikservisi.com.tr\/wp-content\/uploads\/2024\/06\/beko-klima.jpg\" class=\"attachment-large size-large wp-image-1142\" alt=\"\" srcset=\"https:\/\/tekirdagarcelikservisi.com.tr\/wp-content\/uploads\/2024\/06\/beko-klima.jpg 500w, https:\/\/tekirdagarcelikservisi.com.tr\/wp-content\/uploads\/2024\/06\/beko-klima-300x261.jpg 300w, https:\/\/tekirdagarcelikservisi.com.tr\/wp-content\/uploads\/2024\/06\/beko-klima-230x200.jpg 230w, https:\/\/tekirdagarcelikservisi.com.tr\/wp-content\/uploads\/2024\/06\/beko-klima-350x305.jpg 350w, https:\/\/tekirdagarcelikservisi.com.tr\/wp-content\/uploads\/2024\/06\/beko-klima-480x418.jpg 480w\" sizes=\"(max-width: 500px) 100vw, 500px\" \/>\t\t\t\t\t\t\t\t\t\t\t\t\t\t\t<\/div>\n\t\t\t\t<\/div>\n\t\t\t\t<div class=\"elementor-element elementor-element-9e0025a elementor-widget elementor-widget-heading\" data-id=\"9e0025a\" data-element_type=\"widget\" data-e-type=\"widget\" data-widget_type=\"heading.default\">\n\t\t\t\t<div class=\"elementor-widget-container\">\n\t\t\t\t\t<h2 class=\"elementor-heading-title elementor-size-default\">Beko Klima Ar\u0131za Servisi<\/h2>\t\t\t\t<\/div>\n\t\t\t\t<\/div>\n\t\t\t\t<div class=\"elementor-element elementor-element-1d75079 elementor-widget elementor-widget-text-editor\" data-id=\"1d75079\" data-element_type=\"widget\" data-e-type=\"widget\" data-widget_type=\"text-editor.default\">\n\t\t\t\t<div class=\"elementor-widget-container\">\n\t\t\t\t\t\t\t\t\t<p>Tekirda\u011f Beko klima ar\u0131za servisi, klima sistemlerinizde kar\u015f\u0131la\u015ft\u0131\u011f\u0131n\u0131z her t\u00fcrl\u00fc ar\u0131zaya h\u0131zl\u0131 ve etkili \u00e7\u00f6z\u00fcmler sunar. Uzman teknik ekibimiz, klima ar\u0131zalar\u0131n\u0131 tan\u0131mlama ve giderme konusunda geni\u015f deneyime sahiptir.\u00a0<\/p>\t\t\t\t\t\t\t\t<\/div>\n\t\t\t\t<\/div>\n\t\t\t\t<div class=\"elementor-element elementor-element-207ebd6 elementor-align-center elementor-mobile-align-left elementor-invisible elementor-widget elementor-widget-button\" data-id=\"207ebd6\" data-element_type=\"widget\" data-e-type=\"widget\" data-settings=\"{&quot;_animation&quot;:&quot;fadeInUp&quot;,&quot;_animation_delay&quot;:300}\" data-widget_type=\"button.default\">\n\t\t\t\t<div class=\"elementor-widget-container\">\n\t\t\t\t\t\t\t\t\t<div class=\"elementor-button-wrapper\">\n\t\t\t\t\t<a class=\"elementor-button elementor-button-link elementor-size-sm\" href=\"https:\/\/tekirdagarcelikservisi.com.tr\/index.php\/beko-servisi\/beko-klima-servisi\/beko-klima-ariza-servisi\/\">\n\t\t\t\t\t\t<span class=\"elementor-button-content-wrapper\">\n\t\t\t\t\t\t\t\t\t<span class=\"elementor-button-text\">DAHA FAZLA B\u0130LG\u0130 AL<\/span>\n\t\t\t\t\t<\/span>\n\t\t\t\t\t<\/a>\n\t\t\t\t<\/div>\n\t\t\t\t\t\t\t\t<\/div>\n\t\t\t\t<\/div>\n\t\t\t\t<\/div>\n\t\t<div class=\"elementor-element elementor-element-bc6e1d3 e-con-full e-flex e-con e-child\" data-id=\"bc6e1d3\" data-element_type=\"container\" data-e-type=\"container\">\n\t\t\t\t<div class=\"elementor-element elementor-element-a2d880a elementor-widget elementor-widget-image\" data-id=\"a2d880a\" data-element_type=\"widget\" data-e-type=\"widget\" data-widget_type=\"image.default\">\n\t\t\t\t<div class=\"elementor-widget-container\">\n\t\t\t\t\t\t\t\t\t\t\t\t\t\t\t<img decoding=\"async\" width=\"500\" height=\"435\" src=\"https:\/\/tekirdagarcelikservisi.com.tr\/wp-content\/uploads\/2024\/06\/beko-klima.jpg\" class=\"attachment-large size-large wp-image-1142\" alt=\"\" srcset=\"https:\/\/tekirdagarcelikservisi.com.tr\/wp-content\/uploads\/2024\/06\/beko-klima.jpg 500w, https:\/\/tekirdagarcelikservisi.com.tr\/wp-content\/uploads\/2024\/06\/beko-klima-300x261.jpg 300w, https:\/\/tekirdagarcelikservisi.com.tr\/wp-content\/uploads\/2024\/06\/beko-klima-230x200.jpg 230w, https:\/\/tekirdagarcelikservisi.com.tr\/wp-content\/uploads\/2024\/06\/beko-klima-350x305.jpg 350w, https:\/\/tekirdagarcelikservisi.com.tr\/wp-content\/uploads\/2024\/06\/beko-klima-480x418.jpg 480w\" sizes=\"(max-width: 500px) 100vw, 500px\" \/>\t\t\t\t\t\t\t\t\t\t\t\t\t\t\t<\/div>\n\t\t\t\t<\/div>\n\t\t\t\t<div class=\"elementor-element elementor-element-340f6ab elementor-widget elementor-widget-heading\" data-id=\"340f6ab\" data-element_type=\"widget\" data-e-type=\"widget\" data-widget_type=\"heading.default\">\n\t\t\t\t<div class=\"elementor-widget-container\">\n\t\t\t\t\t<h2 class=\"elementor-heading-title elementor-size-default\">Beko Klima Bak\u0131m Servisi<\/h2>\t\t\t\t<\/div>\n\t\t\t\t<\/div>\n\t\t\t\t<div class=\"elementor-element elementor-element-d60bdf4 elementor-widget elementor-widget-text-editor\" data-id=\"d60bdf4\" data-element_type=\"widget\" data-e-type=\"widget\" data-widget_type=\"text-editor.default\">\n\t\t\t\t<div class=\"elementor-widget-container\">\n\t\t\t\t\t\t\t\t\t<p>Tekirda\u011f Beko Klima Bak\u0131m Servisi klimalar\u0131n\u0131z\u0131n d\u00fczenli bak\u0131m\u0131n\u0131 yapmak. Klimalar\u0131n\u0131z\u0131n uzun \u00f6m\u00fcrl\u00fc ve etkili bir \u015fekilde \u00e7al\u0131\u015fmas\u0131n\u0131 sa\u011flamak i\u00e7in \u00f6nemlidir. Beko klima bak\u0131m servisimiz, uzman ekibimiz ve profesyonel hizmetimizle size<\/p>\t\t\t\t\t\t\t\t<\/div>\n\t\t\t\t<\/div>\n\t\t\t\t<div class=\"elementor-element elementor-element-9fc116e elementor-align-center elementor-mobile-align-left elementor-invisible elementor-widget elementor-widget-button\" data-id=\"9fc116e\" data-element_type=\"widget\" data-e-type=\"widget\" data-settings=\"{&quot;_animation&quot;:&quot;fadeInUp&quot;,&quot;_animation_delay&quot;:300}\" data-widget_type=\"button.default\">\n\t\t\t\t<div class=\"elementor-widget-container\">\n\t\t\t\t\t\t\t\t\t<div class=\"elementor-button-wrapper\">\n\t\t\t\t\t<a class=\"elementor-button elementor-button-link elementor-size-sm\" href=\"https:\/\/tekirdagarcelikservisi.com.tr\/index.php\/beko-servisi\/beko-klima-servisi\/beko-klima-bakim-servisi\/\">\n\t\t\t\t\t\t<span class=\"elementor-button-content-wrapper\">\n\t\t\t\t\t\t\t\t\t<span class=\"elementor-button-text\">DAHA FAZLA B\u0130LG\u0130 AL<\/span>\n\t\t\t\t\t<\/span>\n\t\t\t\t\t<\/a>\n\t\t\t\t<\/div>\n\t\t\t\t\t\t\t\t<\/div>\n\t\t\t\t<\/div>\n\t\t\t\t<\/div>\n\t\t<div class=\"elementor-element elementor-element-c22f6a7 e-con-full e-flex e-con e-child\" data-id=\"c22f6a7\" data-element_type=\"container\" data-e-type=\"container\">\n\t\t\t\t<div class=\"elementor-element elementor-element-5caa5de elementor-widget elementor-widget-image\" data-id=\"5caa5de\" data-element_type=\"widget\" data-e-type=\"widget\" data-widget_type=\"image.default\">\n\t\t\t\t<div class=\"elementor-widget-container\">\n\t\t\t\t\t\t\t\t\t\t\t\t\t\t\t<img decoding=\"async\" width=\"500\" height=\"435\" src=\"https:\/\/tekirdagarcelikservisi.com.tr\/wp-content\/uploads\/2024\/06\/beko-klima.jpg\" class=\"attachment-large size-large wp-image-1142\" alt=\"\" srcset=\"https:\/\/tekirdagarcelikservisi.com.tr\/wp-content\/uploads\/2024\/06\/beko-klima.jpg 500w, https:\/\/tekirdagarcelikservisi.com.tr\/wp-content\/uploads\/2024\/06\/beko-klima-300x261.jpg 300w, https:\/\/tekirdagarcelikservisi.com.tr\/wp-content\/uploads\/2024\/06\/beko-klima-230x200.jpg 230w, https:\/\/tekirdagarcelikservisi.com.tr\/wp-content\/uploads\/2024\/06\/beko-klima-350x305.jpg 350w, https:\/\/tekirdagarcelikservisi.com.tr\/wp-content\/uploads\/2024\/06\/beko-klima-480x418.jpg 480w\" sizes=\"(max-width: 500px) 100vw, 500px\" \/>\t\t\t\t\t\t\t\t\t\t\t\t\t\t\t<\/div>\n\t\t\t\t<\/div>\n\t\t\t\t<div class=\"elementor-element elementor-element-7f6b844 elementor-widget elementor-widget-heading\" data-id=\"7f6b844\" data-element_type=\"widget\" data-e-type=\"widget\" data-widget_type=\"heading.default\">\n\t\t\t\t<div class=\"elementor-widget-container\">\n\t\t\t\t\t<h2 class=\"elementor-heading-title elementor-size-default\">Beko Klima Montaj Servisi<\/h2>\t\t\t\t<\/div>\n\t\t\t\t<\/div>\n\t\t\t\t<div class=\"elementor-element elementor-element-742f7fb elementor-widget elementor-widget-text-editor\" data-id=\"742f7fb\" data-element_type=\"widget\" data-e-type=\"widget\" data-widget_type=\"text-editor.default\">\n\t\t\t\t<div class=\"elementor-widget-container\">\n\t\t\t\t\t\t\t\t\t<p><a href=\"https:\/\/tekirdagarcelikservisi.com.tr\/index.php\/beko-servisi\/beko-klima-servisi\/\">Tekirda\u011f Beko<\/a> klima montaj servisi olarak, eviniz veya i\u015f yeriniz i\u00e7in en uygun klima sistemlerini kurmak ve monte etmek i\u00e7in buraday\u0131z. Profesyonel teknik ekibimiz ve geni\u015f deneyimimizle, size kusursuz bir montaj hizmeti sunuyoruz.<\/p>\t\t\t\t\t\t\t\t<\/div>\n\t\t\t\t<\/div>\n\t\t\t\t<div class=\"elementor-element elementor-element-797f127 elementor-align-center elementor-mobile-align-left elementor-invisible elementor-widget elementor-widget-button\" data-id=\"797f127\" data-element_type=\"widget\" data-e-type=\"widget\" data-settings=\"{&quot;_animation&quot;:&quot;fadeInUp&quot;,&quot;_animation_delay&quot;:300}\" data-widget_type=\"button.default\">\n\t\t\t\t<div class=\"elementor-widget-container\">\n\t\t\t\t\t\t\t\t\t<div class=\"elementor-button-wrapper\">\n\t\t\t\t\t<a class=\"elementor-button elementor-button-link elementor-size-sm\" href=\"https:\/\/tekirdagarcelikservisi.com.tr\/index.php\/beko-servisi\/beko-klima-servisi\/beko-klima-montaj-servisi\/\">\n\t\t\t\t\t\t<span class=\"elementor-button-content-wrapper\">\n\t\t\t\t\t\t\t\t\t<span class=\"elementor-button-text\">DAHA FAZLA B\u0130LG\u0130 AL<\/span>\n\t\t\t\t\t<\/span>\n\t\t\t\t\t<\/a>\n\t\t\t\t<\/div>\n\t\t\t\t\t\t\t\t<\/div>\n\t\t\t\t<\/div>\n\t\t\t\t<\/div>\n\t\t<div class=\"elementor-element elementor-element-f91541e e-con-full e-flex e-con e-child\" data-id=\"f91541e\" data-element_type=\"container\" data-e-type=\"container\">\n\t\t\t\t<div class=\"elementor-element elementor-element-d796b7f elementor-widget elementor-widget-image\" data-id=\"d796b7f\" data-element_type=\"widget\" data-e-type=\"widget\" data-widget_type=\"image.default\">\n\t\t\t\t<div class=\"elementor-widget-container\">\n\t\t\t\t\t\t\t\t\t\t\t\t\t\t\t<img decoding=\"async\" width=\"500\" height=\"435\" src=\"https:\/\/tekirdagarcelikservisi.com.tr\/wp-content\/uploads\/2024\/06\/beko-klima.jpg\" class=\"attachment-large size-large wp-image-1142\" alt=\"\" srcset=\"https:\/\/tekirdagarcelikservisi.com.tr\/wp-content\/uploads\/2024\/06\/beko-klima.jpg 500w, https:\/\/tekirdagarcelikservisi.com.tr\/wp-content\/uploads\/2024\/06\/beko-klima-300x261.jpg 300w, https:\/\/tekirdagarcelikservisi.com.tr\/wp-content\/uploads\/2024\/06\/beko-klima-230x200.jpg 230w, https:\/\/tekirdagarcelikservisi.com.tr\/wp-content\/uploads\/2024\/06\/beko-klima-350x305.jpg 350w, https:\/\/tekirdagarcelikservisi.com.tr\/wp-content\/uploads\/2024\/06\/beko-klima-480x418.jpg 480w\" sizes=\"(max-width: 500px) 100vw, 500px\" \/>\t\t\t\t\t\t\t\t\t\t\t\t\t\t\t<\/div>\n\t\t\t\t<\/div>\n\t\t\t\t<div class=\"elementor-element elementor-element-537b382 elementor-widget elementor-widget-heading\" data-id=\"537b382\" data-element_type=\"widget\" data-e-type=\"widget\" data-widget_type=\"heading.default\">\n\t\t\t\t<div class=\"elementor-widget-container\">\n\t\t\t\t\t<h2 class=\"elementor-heading-title elementor-size-default\">Beko Klima S\u00f6kme\n Servisi<\/h2>\t\t\t\t<\/div>\n\t\t\t\t<\/div>\n\t\t\t\t<div class=\"elementor-element elementor-element-47424fd elementor-widget elementor-widget-text-editor\" data-id=\"47424fd\" data-element_type=\"widget\" data-e-type=\"widget\" data-widget_type=\"text-editor.default\">\n\t\t\t\t<div class=\"elementor-widget-container\">\n\t\t\t\t\t\t\t\t\t<p>Tekirda\u011f Beko Klima Demontaj Servisi, klima sistemlerinizin g\u00fcvenli ve profesyonel bir \u015fekilde s\u00f6k\u00fclmesini sa\u011flar. Klima demontaj\u0131, genellikle eski bir klima cihaz\u0131n\u0131n yerine yeni bir modelin kurulmas\u0131 gerekti\u011finde veya ta\u015f\u0131nmas\u0131<\/p>\t\t\t\t\t\t\t\t<\/div>\n\t\t\t\t<\/div>\n\t\t\t\t<div class=\"elementor-element elementor-element-a6b6cb6 elementor-align-center elementor-mobile-align-left elementor-invisible elementor-widget elementor-widget-button\" data-id=\"a6b6cb6\" data-element_type=\"widget\" data-e-type=\"widget\" data-settings=\"{&quot;_animation&quot;:&quot;fadeInUp&quot;,&quot;_animation_delay&quot;:300}\" data-widget_type=\"button.default\">\n\t\t\t\t<div class=\"elementor-widget-container\">\n\t\t\t\t\t\t\t\t\t<div class=\"elementor-button-wrapper\">\n\t\t\t\t\t<a class=\"elementor-button elementor-button-link elementor-size-sm\" href=\"https:\/\/tekirdagarcelikservisi.com.tr\/index.php\/beko-servisi\/beko-klima-servisi\/beko-klima-demontaj-servisi\/\">\n\t\t\t\t\t\t<span class=\"elementor-button-content-wrapper\">\n\t\t\t\t\t\t\t\t\t<span class=\"elementor-button-text\">DAHA FAZLA B\u0130LG\u0130 AL<\/span>\n\t\t\t\t\t<\/span>\n\t\t\t\t\t<\/a>\n\t\t\t\t<\/div>\n\t\t\t\t\t\t\t\t<\/div>\n\t\t\t\t<\/div>\n\t\t\t\t<\/div>\n\t\t\t\t\t<\/div>\n\t\t\t\t<\/div>\n\t\t<div class=\"elementor-element elementor-element-76165580 e-flex e-con-boxed e-con e-parent\" data-id=\"76165580\" data-element_type=\"container\" data-e-type=\"container\">\n\t\t\t\t\t<div class=\"e-con-inner\">\n\t\t<div class=\"elementor-element elementor-element-5e947f15 e-con-full e-flex e-con e-child\" data-id=\"5e947f15\" data-element_type=\"container\" data-e-type=\"container\">\n\t\t\t\t<div class=\"elementor-element elementor-element-3ae9043a elementor-widget elementor-widget-image\" data-id=\"3ae9043a\" data-element_type=\"widget\" data-e-type=\"widget\" data-widget_type=\"image.default\">\n\t\t\t\t<div class=\"elementor-widget-container\">\n\t\t\t\t\t\t\t\t\t\t\t\t\t\t\t\t<a href=\"tel:02822632296\">\n\t\t\t\t\t\t\t<img loading=\"lazy\" decoding=\"async\" width=\"510\" height=\"226\" src=\"https:\/\/tekirdagarcelikservisi.com.tr\/wp-content\/uploads\/2024\/02\/BEKO-DESTEK-MERKEZI.jpg\" class=\"attachment-large size-large wp-image-149\" alt=\"\" srcset=\"https:\/\/tekirdagarcelikservisi.com.tr\/wp-content\/uploads\/2024\/02\/BEKO-DESTEK-MERKEZI.jpg 510w, https:\/\/tekirdagarcelikservisi.com.tr\/wp-content\/uploads\/2024\/02\/BEKO-DESTEK-MERKEZI-300x133.jpg 300w\" sizes=\"(max-width: 510px) 100vw, 510px\" \/>\t\t\t\t\t\t\t\t<\/a>\n\t\t\t\t\t\t\t\t\t\t\t\t\t\t\t<\/div>\n\t\t\t\t<\/div>\n\t\t\t\t<div class=\"elementor-element elementor-element-69ca8016 elementor-widget elementor-widget-text-editor\" data-id=\"69ca8016\" data-element_type=\"widget\" data-e-type=\"widget\" data-widget_type=\"text-editor.default\">\n\t\t\t\t<div class=\"elementor-widget-container\">\n\t\t\t\t\t\t\t\t\t<p><strong>Beko Beyaz E\u015fyalar\u0131n\u0131z, Klimalar\u0131n\u0131z ve Kombinizde Ar\u0131za M\u0131 Var? Bizimle \u0130leti\u015fime Ge\u00e7in..<\/strong><br \/><strong>H\u0131zl\u0131 \u00e7\u00f6z\u00fcm ve kaliteli hizmet ile birlikte, onar\u0131m, tamir servis i\u015flemleri %100 m\u00fc\u015fteri memnuniyeti ve kalite anlay\u0131\u015f\u0131 ile sizde al\u0131n..<\/strong><\/p>\n<p><strong>Servisimiz\u00a0<img loading=\"lazy\" decoding=\"async\" class=\"wp-image-535 alignnone\" src=\"http:\/\/www.kitgroupservis.com.tr\/wp-content\/uploads\/2023\/11\/TSE-logo-6770CA9F80-seeklogo.com_.png\" alt=\"\" width=\"53\" height=\"33\" \/>\u00a0Belgelidir.<\/strong><\/p>\t\t\t\t\t\t\t\t<\/div>\n\t\t\t\t<\/div>\n\t\t\t\t<div class=\"elementor-element elementor-element-3570606a elementor-icon-list--layout-traditional elementor-list-item-link-full_width elementor-widget elementor-widget-icon-list\" data-id=\"3570606a\" data-element_type=\"widget\" data-e-type=\"widget\" data-widget_type=\"icon-list.default\">\n\t\t\t\t<div class=\"elementor-widget-container\">\n\t\t\t\t\t\t\t<ul class=\"elementor-icon-list-items\">\n\t\t\t\t\t\t\t<li class=\"elementor-icon-list-item\">\n\t\t\t\t\t\t\t\t\t\t\t<a href=\"https:\/\/tekirdagarcelikservisi.com.tr\/index.php\/beko-servisi\/beko-beyaz-esya-servisi\/\">\n\n\t\t\t\t\t\t\t\t\t\t\t\t<span class=\"elementor-icon-list-icon\">\n\t\t\t\t\t\t\t<svg aria-hidden=\"true\" class=\"e-font-icon-svg e-fas-check\" viewBox=\"0 0 512 512\" xmlns=\"http:\/\/www.w3.org\/2000\/svg\"><path d=\"M173.898 439.404l-166.4-166.4c-9.997-9.997-9.997-26.206 0-36.204l36.203-36.204c9.997-9.998 26.207-9.998 36.204 0L192 312.69 432.095 72.596c9.997-9.997 26.207-9.997 36.204 0l36.203 36.204c9.997 9.997 9.997 26.206 0 36.204l-294.4 294.401c-9.998 9.997-26.207 9.997-36.204-.001z\"><\/path><\/svg>\t\t\t\t\t\t<\/span>\n\t\t\t\t\t\t\t\t\t\t<span class=\"elementor-icon-list-text\">BEKO BEYAZ E\u015eYA SERV\u0130S\u0130<\/span>\n\t\t\t\t\t\t\t\t\t\t\t<\/a>\n\t\t\t\t\t\t\t\t\t<\/li>\n\t\t\t\t\t\t\t\t<li class=\"elementor-icon-list-item\">\n\t\t\t\t\t\t\t\t\t\t\t<a href=\"https:\/\/tekirdagarcelikservisi.com.tr\/index.php\/beko-servisi\/beko-klima-servisi\/\">\n\n\t\t\t\t\t\t\t\t\t\t\t\t<span class=\"elementor-icon-list-icon\">\n\t\t\t\t\t\t\t<svg aria-hidden=\"true\" class=\"e-font-icon-svg e-fas-check\" viewBox=\"0 0 512 512\" xmlns=\"http:\/\/www.w3.org\/2000\/svg\"><path d=\"M173.898 439.404l-166.4-166.4c-9.997-9.997-9.997-26.206 0-36.204l36.203-36.204c9.997-9.998 26.207-9.998 36.204 0L192 312.69 432.095 72.596c9.997-9.997 26.207-9.997 36.204 0l36.203 36.204c9.997 9.997 9.997 26.206 0 36.204l-294.4 294.401c-9.998 9.997-26.207 9.997-36.204-.001z\"><\/path><\/svg>\t\t\t\t\t\t<\/span>\n\t\t\t\t\t\t\t\t\t\t<span class=\"elementor-icon-list-text\">BEKO KL\u0130MA SERV\u0130S\u0130<\/span>\n\t\t\t\t\t\t\t\t\t\t\t<\/a>\n\t\t\t\t\t\t\t\t\t<\/li>\n\t\t\t\t\t\t\t\t<li class=\"elementor-icon-list-item\">\n\t\t\t\t\t\t\t\t\t\t\t<a href=\"https:\/\/tekirdagarcelikservisi.com.tr\/index.php\/beko-servisi\/beko-kombi-servisi\/\">\n\n\t\t\t\t\t\t\t\t\t\t\t\t<span class=\"elementor-icon-list-icon\">\n\t\t\t\t\t\t\t<svg aria-hidden=\"true\" class=\"e-font-icon-svg e-fas-check\" viewBox=\"0 0 512 512\" xmlns=\"http:\/\/www.w3.org\/2000\/svg\"><path d=\"M173.898 439.404l-166.4-166.4c-9.997-9.997-9.997-26.206 0-36.204l36.203-36.204c9.997-9.998 26.207-9.998 36.204 0L192 312.69 432.095 72.596c9.997-9.997 26.207-9.997 36.204 0l36.203 36.204c9.997 9.997 9.997 26.206 0 36.204l-294.4 294.401c-9.998 9.997-26.207 9.997-36.204-.001z\"><\/path><\/svg>\t\t\t\t\t\t<\/span>\n\t\t\t\t\t\t\t\t\t\t<span class=\"elementor-icon-list-text\">BEKO KOMB\u0130 SERV\u0130S\u0130<\/span>\n\t\t\t\t\t\t\t\t\t\t\t<\/a>\n\t\t\t\t\t\t\t\t\t<\/li>\n\t\t\t\t\t\t<\/ul>\n\t\t\t\t\t\t<\/div>\n\t\t\t\t<\/div>\n\t\t\t\t<\/div>\n\t\t<div class=\"elementor-element elementor-element-622b8405 e-con-full e-flex e-con e-child\" data-id=\"622b8405\" data-element_type=\"container\" data-e-type=\"container\">\n\t\t\t\t<div class=\"elementor-element elementor-element-67ec1f0d elementor-widget elementor-widget-heading\" data-id=\"67ec1f0d\" data-element_type=\"widget\" data-e-type=\"widget\" data-widget_type=\"heading.default\">\n\t\t\t\t<div class=\"elementor-widget-container\">\n\t\t\t\t\t<h2 class=\"elementor-heading-title elementor-size-default\">TEK\u0130RDA\u011e BEKO SERV\u0130S\u0130 H\u0130ZMET B\u00d6LGELER\u0130<\/h2>\t\t\t\t<\/div>\n\t\t\t\t<\/div>\n\t\t\t\t<div class=\"elementor-element elementor-element-7f7d6dd6 elementor-icon-list--layout-traditional elementor-list-item-link-full_width elementor-widget elementor-widget-icon-list\" data-id=\"7f7d6dd6\" data-element_type=\"widget\" data-e-type=\"widget\" data-widget_type=\"icon-list.default\">\n\t\t\t\t<div class=\"elementor-widget-container\">\n\t\t\t\t\t\t\t<ul class=\"elementor-icon-list-items\">\n\t\t\t\t\t\t\t<li class=\"elementor-icon-list-item\">\n\t\t\t\t\t\t\t\t\t\t\t<a href=\"https:\/\/tekirdagarcelikservisi.com.tr\/index.php\/2024\/02\/28\/tekirdag-beko-servisi-0282-263-22-96\/\">\n\n\t\t\t\t\t\t\t\t\t\t\t\t<span class=\"elementor-icon-list-icon\">\n\t\t\t\t\t\t\t<svg aria-hidden=\"true\" class=\"e-font-icon-svg e-fas-check\" viewBox=\"0 0 512 512\" xmlns=\"http:\/\/www.w3.org\/2000\/svg\"><path d=\"M173.898 439.404l-166.4-166.4c-9.997-9.997-9.997-26.206 0-36.204l36.203-36.204c9.997-9.998 26.207-9.998 36.204 0L192 312.69 432.095 72.596c9.997-9.997 26.207-9.997 36.204 0l36.203 36.204c9.997 9.997 9.997 26.206 0 36.204l-294.4 294.401c-9.998 9.997-26.207 9.997-36.204-.001z\"><\/path><\/svg>\t\t\t\t\t\t<\/span>\n\t\t\t\t\t\t\t\t\t\t<span class=\"elementor-icon-list-text\">TEK\u0130RDA\u011e BEKO SERV\u0130S\u0130<\/span>\n\t\t\t\t\t\t\t\t\t\t\t<\/a>\n\t\t\t\t\t\t\t\t\t<\/li>\n\t\t\t\t\t\t\t\t<li class=\"elementor-icon-list-item\">\n\t\t\t\t\t\t\t\t\t\t\t<a href=\"https:\/\/tekirdagarcelikservisi.com.tr\/index.php\/2024\/02\/27\/suleymanpasa-beko-servisi-0282-263-22-96\/\">\n\n\t\t\t\t\t\t\t\t\t\t\t\t<span class=\"elementor-icon-list-icon\">\n\t\t\t\t\t\t\t<svg aria-hidden=\"true\" class=\"e-font-icon-svg e-fas-check\" viewBox=\"0 0 512 512\" xmlns=\"http:\/\/www.w3.org\/2000\/svg\"><path d=\"M173.898 439.404l-166.4-166.4c-9.997-9.997-9.997-26.206 0-36.204l36.203-36.204c9.997-9.998 26.207-9.998 36.204 0L192 312.69 432.095 72.596c9.997-9.997 26.207-9.997 36.204 0l36.203 36.204c9.997 9.997 9.997 26.206 0 36.204l-294.4 294.401c-9.998 9.997-26.207 9.997-36.204-.001z\"><\/path><\/svg>\t\t\t\t\t\t<\/span>\n\t\t\t\t\t\t\t\t\t\t<span class=\"elementor-icon-list-text\">S\u00dcLEYMANPA\u015eA BEKO SERV\u0130S\u0130<\/span>\n\t\t\t\t\t\t\t\t\t\t\t<\/a>\n\t\t\t\t\t\t\t\t\t<\/li>\n\t\t\t\t\t\t\t\t<li class=\"elementor-icon-list-item\">\n\t\t\t\t\t\t\t\t\t\t\t<a href=\"https:\/\/tekirdagarcelikservisi.com.tr\/index.php\/2024\/02\/27\/kumbag-beko-servisi-0282-263-22-96\/\">\n\n\t\t\t\t\t\t\t\t\t\t\t\t<span class=\"elementor-icon-list-icon\">\n\t\t\t\t\t\t\t<svg aria-hidden=\"true\" class=\"e-font-icon-svg e-fas-check\" viewBox=\"0 0 512 512\" xmlns=\"http:\/\/www.w3.org\/2000\/svg\"><path d=\"M173.898 439.404l-166.4-166.4c-9.997-9.997-9.997-26.206 0-36.204l36.203-36.204c9.997-9.998 26.207-9.998 36.204 0L192 312.69 432.095 72.596c9.997-9.997 26.207-9.997 36.204 0l36.203 36.204c9.997 9.997 9.997 26.206 0 36.204l-294.4 294.401c-9.998 9.997-26.207 9.997-36.204-.001z\"><\/path><\/svg>\t\t\t\t\t\t<\/span>\n\t\t\t\t\t\t\t\t\t\t<span class=\"elementor-icon-list-text\">KUMBA\u011e BEKO SERV\u0130S\u0130<\/span>\n\t\t\t\t\t\t\t\t\t\t\t<\/a>\n\t\t\t\t\t\t\t\t\t<\/li>\n\t\t\t\t\t\t\t\t<li class=\"elementor-icon-list-item\">\n\t\t\t\t\t\t\t\t\t\t\t<a href=\"https:\/\/tekirdagarcelikservisi.com.tr\/index.php\/2024\/02\/28\/tekirdag-altinova-beko-servisi-0282-263-22-96\/\">\n\n\t\t\t\t\t\t\t\t\t\t\t\t<span class=\"elementor-icon-list-icon\">\n\t\t\t\t\t\t\t<svg aria-hidden=\"true\" class=\"e-font-icon-svg e-fas-check\" viewBox=\"0 0 512 512\" xmlns=\"http:\/\/www.w3.org\/2000\/svg\"><path d=\"M173.898 439.404l-166.4-166.4c-9.997-9.997-9.997-26.206 0-36.204l36.203-36.204c9.997-9.998 26.207-9.998 36.204 0L192 312.69 432.095 72.596c9.997-9.997 26.207-9.997 36.204 0l36.203 36.204c9.997 9.997 9.997 26.206 0 36.204l-294.4 294.401c-9.998 9.997-26.207 9.997-36.204-.001z\"><\/path><\/svg>\t\t\t\t\t\t<\/span>\n\t\t\t\t\t\t\t\t\t\t<span class=\"elementor-icon-list-text\">TEK\u0130RDA\u011e ALTINOVA BEKO SERV\u0130S\u0130<\/span>\n\t\t\t\t\t\t\t\t\t\t\t<\/a>\n\t\t\t\t\t\t\t\t\t<\/li>\n\t\t\t\t\t\t\t\t<li class=\"elementor-icon-list-item\">\n\t\t\t\t\t\t\t\t\t\t\t<a href=\"https:\/\/tekirdagarcelikservisi.com.tr\/index.php\/2024\/02\/28\/yenice-beko-servisi-0282-263-22-96\/\">\n\n\t\t\t\t\t\t\t\t\t\t\t\t<span class=\"elementor-icon-list-icon\">\n\t\t\t\t\t\t\t<svg aria-hidden=\"true\" class=\"e-font-icon-svg e-fas-check\" viewBox=\"0 0 512 512\" xmlns=\"http:\/\/www.w3.org\/2000\/svg\"><path d=\"M173.898 439.404l-166.4-166.4c-9.997-9.997-9.997-26.206 0-36.204l36.203-36.204c9.997-9.998 26.207-9.998 36.204 0L192 312.69 432.095 72.596c9.997-9.997 26.207-9.997 36.204 0l36.203 36.204c9.997 9.997 9.997 26.206 0 36.204l-294.4 294.401c-9.998 9.997-26.207 9.997-36.204-.001z\"><\/path><\/svg>\t\t\t\t\t\t<\/span>\n\t\t\t\t\t\t\t\t\t\t<span class=\"elementor-icon-list-text\">YEN\u0130CE BEKO SERV\u0130S\u0130<\/span>\n\t\t\t\t\t\t\t\t\t\t\t<\/a>\n\t\t\t\t\t\t\t\t\t<\/li>\n\t\t\t\t\t\t\t\t<li class=\"elementor-icon-list-item\">\n\t\t\t\t\t\t\t\t\t\t\t<a href=\"https:\/\/tekirdagarcelikservisi.com.tr\/index.php\/2024\/02\/28\/yeniciftlik-beko-servisi-0282-263-22-96\/\">\n\n\t\t\t\t\t\t\t\t\t\t\t\t<span class=\"elementor-icon-list-icon\">\n\t\t\t\t\t\t\t<svg aria-hidden=\"true\" class=\"e-font-icon-svg e-fas-check\" viewBox=\"0 0 512 512\" xmlns=\"http:\/\/www.w3.org\/2000\/svg\"><path d=\"M173.898 439.404l-166.4-166.4c-9.997-9.997-9.997-26.206 0-36.204l36.203-36.204c9.997-9.998 26.207-9.998 36.204 0L192 312.69 432.095 72.596c9.997-9.997 26.207-9.997 36.204 0l36.203 36.204c9.997 9.997 9.997 26.206 0 36.204l-294.4 294.401c-9.998 9.997-26.207 9.997-36.204-.001z\"><\/path><\/svg>\t\t\t\t\t\t<\/span>\n\t\t\t\t\t\t\t\t\t\t<span class=\"elementor-icon-list-text\">YEN\u0130\u00c7\u0130FTL\u0130K BEKO SERV\u0130S\u0130<\/span>\n\t\t\t\t\t\t\t\t\t\t\t<\/a>\n\t\t\t\t\t\t\t\t\t<\/li>\n\t\t\t\t\t\t\t\t<li class=\"elementor-icon-list-item\">\n\t\t\t\t\t\t\t\t\t\t\t<a href=\"https:\/\/tekirdagarcelikservisi.com.tr\/index.php\/2024\/02\/28\/marmaraereglisi-beko-servisi-0282-263-22-96\/\">\n\n\t\t\t\t\t\t\t\t\t\t\t\t<span class=\"elementor-icon-list-icon\">\n\t\t\t\t\t\t\t<svg aria-hidden=\"true\" class=\"e-font-icon-svg e-fas-check\" viewBox=\"0 0 512 512\" xmlns=\"http:\/\/www.w3.org\/2000\/svg\"><path d=\"M173.898 439.404l-166.4-166.4c-9.997-9.997-9.997-26.206 0-36.204l36.203-36.204c9.997-9.998 26.207-9.998 36.204 0L192 312.69 432.095 72.596c9.997-9.997 26.207-9.997 36.204 0l36.203 36.204c9.997 9.997 9.997 26.206 0 36.204l-294.4 294.401c-9.998 9.997-26.207 9.997-36.204-.001z\"><\/path><\/svg>\t\t\t\t\t\t<\/span>\n\t\t\t\t\t\t\t\t\t\t<span class=\"elementor-icon-list-text\">MARMARAERE\u011eL\u0130S\u0130 BEKO SERV\u0130S\u0130<\/span>\n\t\t\t\t\t\t\t\t\t\t\t<\/a>\n\t\t\t\t\t\t\t\t\t<\/li>\n\t\t\t\t\t\t\t\t<li class=\"elementor-icon-list-item\">\n\t\t\t\t\t\t\t\t\t\t\t<a href=\"https:\/\/tekirdagarcelikservisi.com.tr\/index.php\/2024\/02\/28\/muratli-beko-servisi-0282-263-22-96\/\">\n\n\t\t\t\t\t\t\t\t\t\t\t\t<span class=\"elementor-icon-list-icon\">\n\t\t\t\t\t\t\t<svg aria-hidden=\"true\" class=\"e-font-icon-svg e-fas-check\" viewBox=\"0 0 512 512\" xmlns=\"http:\/\/www.w3.org\/2000\/svg\"><path d=\"M173.898 439.404l-166.4-166.4c-9.997-9.997-9.997-26.206 0-36.204l36.203-36.204c9.997-9.998 26.207-9.998 36.204 0L192 312.69 432.095 72.596c9.997-9.997 26.207-9.997 36.204 0l36.203 36.204c9.997 9.997 9.997 26.206 0 36.204l-294.4 294.401c-9.998 9.997-26.207 9.997-36.204-.001z\"><\/path><\/svg>\t\t\t\t\t\t<\/span>\n\t\t\t\t\t\t\t\t\t\t<span class=\"elementor-icon-list-text\">MURATLI BEKO SERV\u0130S\u0130<\/span>\n\t\t\t\t\t\t\t\t\t\t\t<\/a>\n\t\t\t\t\t\t\t\t\t<\/li>\n\t\t\t\t\t\t\t\t<li class=\"elementor-icon-list-item\">\n\t\t\t\t\t\t\t\t\t\t\t<a href=\"https:\/\/tekirdagarcelikservisi.com.tr\/index.php\/2024\/02\/28\/tekirdag-hurriyet-mahallesi-beko-servisi\/\">\n\n\t\t\t\t\t\t\t\t\t\t\t\t<span class=\"elementor-icon-list-icon\">\n\t\t\t\t\t\t\t<svg aria-hidden=\"true\" class=\"e-font-icon-svg e-fas-check\" viewBox=\"0 0 512 512\" xmlns=\"http:\/\/www.w3.org\/2000\/svg\"><path d=\"M173.898 439.404l-166.4-166.4c-9.997-9.997-9.997-26.206 0-36.204l36.203-36.204c9.997-9.998 26.207-9.998 36.204 0L192 312.69 432.095 72.596c9.997-9.997 26.207-9.997 36.204 0l36.203 36.204c9.997 9.997 9.997 26.206 0 36.204l-294.4 294.401c-9.998 9.997-26.207 9.997-36.204-.001z\"><\/path><\/svg>\t\t\t\t\t\t<\/span>\n\t\t\t\t\t\t\t\t\t\t<span class=\"elementor-icon-list-text\">TEK\u0130RDA\u011e H\u00dcRR\u0130YET MAHALLES\u0130 BEKO SERV\u0130S\u0130<\/span>\n\t\t\t\t\t\t\t\t\t\t\t<\/a>\n\t\t\t\t\t\t\t\t\t<\/li>\n\t\t\t\t\t\t\t\t<li class=\"elementor-icon-list-item\">\n\t\t\t\t\t\t\t\t\t\t\t<a href=\"https:\/\/tekirdagarcelikservisi.com.tr\/index.php\/2024\/02\/28\/degirmenalti-beko-servisi-0282-263-22-96\/\">\n\n\t\t\t\t\t\t\t\t\t\t\t\t<span class=\"elementor-icon-list-icon\">\n\t\t\t\t\t\t\t<svg aria-hidden=\"true\" class=\"e-font-icon-svg e-fas-check\" viewBox=\"0 0 512 512\" xmlns=\"http:\/\/www.w3.org\/2000\/svg\"><path d=\"M173.898 439.404l-166.4-166.4c-9.997-9.997-9.997-26.206 0-36.204l36.203-36.204c9.997-9.998 26.207-9.998 36.204 0L192 312.69 432.095 72.596c9.997-9.997 26.207-9.997 36.204 0l36.203 36.204c9.997 9.997 9.997 26.206 0 36.204l-294.4 294.401c-9.998 9.997-26.207 9.997-36.204-.001z\"><\/path><\/svg>\t\t\t\t\t\t<\/span>\n\t\t\t\t\t\t\t\t\t\t<span class=\"elementor-icon-list-text\">DE\u011e\u0130RMENALTI BEKO SERV\u0130S\u0130<\/span>\n\t\t\t\t\t\t\t\t\t\t\t<\/a>\n\t\t\t\t\t\t\t\t\t<\/li>\n\t\t\t\t\t\t\t\t<li class=\"elementor-icon-list-item\">\n\t\t\t\t\t\t\t\t\t\t\t<a href=\"https:\/\/tekirdagarcelikservisi.com.tr\/index.php\/2024\/02\/28\/corlu-beko-servisi-0282-263-22-96\/\">\n\n\t\t\t\t\t\t\t\t\t\t\t\t<span class=\"elementor-icon-list-icon\">\n\t\t\t\t\t\t\t<svg aria-hidden=\"true\" class=\"e-font-icon-svg e-fas-check\" viewBox=\"0 0 512 512\" xmlns=\"http:\/\/www.w3.org\/2000\/svg\"><path d=\"M173.898 439.404l-166.4-166.4c-9.997-9.997-9.997-26.206 0-36.204l36.203-36.204c9.997-9.998 26.207-9.998 36.204 0L192 312.69 432.095 72.596c9.997-9.997 26.207-9.997 36.204 0l36.203 36.204c9.997 9.997 9.997 26.206 0 36.204l-294.4 294.401c-9.998 9.997-26.207 9.997-36.204-.001z\"><\/path><\/svg>\t\t\t\t\t\t<\/span>\n\t\t\t\t\t\t\t\t\t\t<span class=\"elementor-icon-list-text\">\u00c7ORLU BEKO SERV\u0130S\u0130<\/span>\n\t\t\t\t\t\t\t\t\t\t\t<\/a>\n\t\t\t\t\t\t\t\t\t<\/li>\n\t\t\t\t\t\t\t\t<li class=\"elementor-icon-list-item\">\n\t\t\t\t\t\t\t\t\t\t\t<a href=\"https:\/\/tekirdagarcelikservisi.com.tr\/index.php\/2024\/02\/28\/ergene-beko-servisi-0282-263-22-96\/\">\n\n\t\t\t\t\t\t\t\t\t\t\t\t<span class=\"elementor-icon-list-icon\">\n\t\t\t\t\t\t\t<svg aria-hidden=\"true\" class=\"e-font-icon-svg e-fas-check\" viewBox=\"0 0 512 512\" xmlns=\"http:\/\/www.w3.org\/2000\/svg\"><path d=\"M173.898 439.404l-166.4-166.4c-9.997-9.997-9.997-26.206 0-36.204l36.203-36.204c9.997-9.998 26.207-9.998 36.204 0L192 312.69 432.095 72.596c9.997-9.997 26.207-9.997 36.204 0l36.203 36.204c9.997 9.997 9.997 26.206 0 36.204l-294.4 294.401c-9.998 9.997-26.207 9.997-36.204-.001z\"><\/path><\/svg>\t\t\t\t\t\t<\/span>\n\t\t\t\t\t\t\t\t\t\t<span class=\"elementor-icon-list-text\">ERGENE BEKO SERV\u0130S\u0130<\/span>\n\t\t\t\t\t\t\t\t\t\t\t<\/a>\n\t\t\t\t\t\t\t\t\t<\/li>\n\t\t\t\t\t\t<\/ul>\n\t\t\t\t\t\t<\/div>\n\t\t\t\t<\/div>\n\t\t\t\t<\/div>\n\t\t<div class=\"elementor-element elementor-element-f96af68 e-con-full e-flex e-con e-child\" data-id=\"f96af68\" data-element_type=\"container\" data-e-type=\"container\">\n\t\t\t\t<div class=\"elementor-element elementor-element-3350f683 elementor-widget elementor-widget-heading\" data-id=\"3350f683\" data-element_type=\"widget\" data-e-type=\"widget\" data-widget_type=\"heading.default\">\n\t\t\t\t<div class=\"elementor-widget-container\">\n\t\t\t\t\t<h4 class=\"elementor-heading-title elementor-size-default\">Ayn\u0131 G\u00fcn Servis Deste\u011fi Al\u0131n.<\/h4>\t\t\t\t<\/div>\n\t\t\t\t<\/div>\n\t\t\t\t<div class=\"elementor-element elementor-element-ebf8bfa elementor-widget elementor-widget-text-editor\" data-id=\"ebf8bfa\" data-element_type=\"widget\" data-e-type=\"widget\" data-widget_type=\"text-editor.default\">\n\t\t\t\t<div class=\"elementor-widget-container\">\n\t\t\t\t\t\t\t\t\t<p><strong>Beko cihazlar\u0131n\u0131z\u0131n bak\u0131m, onar\u0131m veya kurulum hizmetlerine ihtiya\u00e7 duydu\u011funuzda, Tekirda\u011f Beko Servisi olarak bir telefon kadar uza\u011f\u0131n\u0131zday\u0131z. Hemen bizimle ileti\u015fime ge\u00e7in ve profesyonel hizmetin fark\u0131n\u0131 ya\u015fay\u0131n.<\/strong><\/p>\t\t\t\t\t\t\t\t<\/div>\n\t\t\t\t<\/div>\n\t\t\t\t<div class=\"elementor-element elementor-element-435bbb0b e-grid-align-left elementor-shape-rounded elementor-grid-0 elementor-widget elementor-widget-social-icons\" data-id=\"435bbb0b\" data-element_type=\"widget\" data-e-type=\"widget\" data-widget_type=\"social-icons.default\">\n\t\t\t\t<div class=\"elementor-widget-container\">\n\t\t\t\t\t\t\t<div class=\"elementor-social-icons-wrapper elementor-grid\">\n\t\t\t\t\t\t\t<span class=\"elementor-grid-item\">\n\t\t\t\t\t<a class=\"elementor-icon elementor-social-icon elementor-social-icon-whatsapp elementor-repeater-item-f3f8448\" href=\"https:\/\/wa.me\/+905358762580\" target=\"_blank\">\n\t\t\t\t\t\t<span class=\"elementor-screen-only\">Whatsapp<\/span>\n\t\t\t\t\t\t<svg aria-hidden=\"true\" class=\"e-font-icon-svg e-fab-whatsapp\" viewBox=\"0 0 448 512\" xmlns=\"http:\/\/www.w3.org\/2000\/svg\"><path d=\"M380.9 97.1C339 55.1 283.2 32 223.9 32c-122.4 0-222 99.6-222 222 0 39.1 10.2 77.3 29.6 111L0 480l117.7-30.9c32.4 17.7 68.9 27 106.1 27h.1c122.3 0 224.1-99.6 224.1-222 0-59.3-25.2-115-67.1-157zm-157 341.6c-33.2 0-65.7-8.9-94-25.7l-6.7-4-69.8 18.3L72 359.2l-4.4-7c-18.5-29.4-28.2-63.3-28.2-98.2 0-101.7 82.8-184.5 184.6-184.5 49.3 0 95.6 19.2 130.4 54.1 34.8 34.9 56.2 81.2 56.1 130.5 0 101.8-84.9 184.6-186.6 184.6zm101.2-138.2c-5.5-2.8-32.8-16.2-37.9-18-5.1-1.9-8.8-2.8-12.5 2.8-3.7 5.6-14.3 18-17.6 21.8-3.2 3.7-6.5 4.2-12 1.4-32.6-16.3-54-29.1-75.5-66-5.7-9.8 5.7-9.1 16.3-30.3 1.8-3.7.9-6.9-.5-9.7-1.4-2.8-12.5-30.1-17.1-41.2-4.5-10.8-9.1-9.3-12.5-9.5-3.2-.2-6.9-.2-10.6-.2-3.7 0-9.7 1.4-14.8 6.9-5.1 5.6-19.4 19-19.4 46.3 0 27.3 19.9 53.7 22.6 57.4 2.8 3.7 39.1 59.7 94.8 83.8 35.2 15.2 49 16.5 66.6 13.9 10.7-1.6 32.8-13.4 37.4-26.4 4.6-13 4.6-24.1 3.2-26.4-1.3-2.5-5-3.9-10.5-6.6z\"><\/path><\/svg>\t\t\t\t\t<\/a>\n\t\t\t\t<\/span>\n\t\t\t\t\t<\/div>\n\t\t\t\t\t\t<\/div>\n\t\t\t\t<\/div>\n\t\t\t\t<div class=\"elementor-element elementor-element-377fa3a9 elementor-widget elementor-widget-heading\" data-id=\"377fa3a9\" data-element_type=\"widget\" data-e-type=\"widget\" data-widget_type=\"heading.default\">\n\t\t\t\t<div class=\"elementor-widget-container\">\n\t\t\t\t\t<h4 class=\"elementor-heading-title elementor-size-default\"><a href=\"https:\/\/wa.me\/+905358762580\">WhatsApp \u0130leti\u015fime T\u0131kla Ba\u011flan.<\/a><\/h4>\t\t\t\t<\/div>\n\t\t\t\t<\/div>\n\t\t\t\t<div class=\"elementor-element elementor-element-7e6f6cd elementor-widget elementor-widget-text-editor\" data-id=\"7e6f6cd\" data-element_type=\"widget\" data-e-type=\"widget\" data-widget_type=\"text-editor.default\">\n\t\t\t\t<div class=\"elementor-widget-container\">\n\t\t\t\t\t\t\t\t\t<div class=\"elementor-element elementor-element-62edf62 elementor-widget elementor-widget-text-editor\" data-id=\"62edf62\" data-element_type=\"widget\" data-widget_type=\"text-editor.default\">\n<div class=\"elementor-widget-container\">\n<div class=\"elementor-element elementor-element-4294377 elementor-widget elementor-widget-text-editor\" data-id=\"4294377\" data-element_type=\"widget\" data-widget_type=\"text-editor.default\">\n<div class=\"elementor-widget-container\">\n<p><strong>WhatsApp \u0130leti\u015fim \u00dczerinden Uzmanlar\u0131m\u0131zdan Servis \u00d6ncesi 7\/24 Bilgi Alabilirsiniz<\/strong><\/p>\n<\/div>\n<\/div>\n<\/div>\n<\/div>\t\t\t\t\t\t\t\t<\/div>\n\t\t\t\t<\/div>\n\t\t\t\t<div class=\"elementor-element elementor-element-76de14db elementor-align-center elementor-widget elementor-widget-button\" data-id=\"76de14db\" data-element_type=\"widget\" data-e-type=\"widget\" data-widget_type=\"button.default\">\n\t\t\t\t<div class=\"elementor-widget-container\">\n\t\t\t\t\t\t\t\t\t<div class=\"elementor-button-wrapper\">\n\t\t\t\t\t<a class=\"elementor-button elementor-button-link elementor-size-sm\" href=\"tel:02822632296\">\n\t\t\t\t\t\t<span class=\"elementor-button-content-wrapper\">\n\t\t\t\t\t\t\t\t\t<span class=\"elementor-button-text\">0282 263 22 96<\/span>\n\t\t\t\t\t<\/span>\n\t\t\t\t\t<\/a>\n\t\t\t\t<\/div>\n\t\t\t\t\t\t\t\t<\/div>\n\t\t\t\t<\/div>\n\t\t\t\t<\/div>\n\t\t\t\t\t<\/div>\n\t\t\t\t<\/div>\n\t\t\t\t<\/div>\n\t\t","protected":false},"excerpt":{"rendered":"<p>Tekirda\u011f Beko Klima Servisi 0282 263 22 96 Tekirda\u011f Beko Klima Servisi olarak, klimalar\u0131n\u0131z\u0131n bak\u0131m\u0131, onar\u0131m\u0131 ve kurulumu konusunda uzmanla\u015fm\u0131\u015f bir ekip olarak hizmet veriyoruz. [&hellip;]<\/p>\n","protected":false},"author":1,"featured_media":0,"parent":121,"menu_order":2,"comment_status":"closed","ping_status":"closed","template":"page-templates\/page_front-page.php","meta":{"footnotes":""},"class_list":["post-129","page","type-page","status-publish","hentry"],"yoast_head":"<!-- This site is optimized with the Yoast SEO plugin v27.4 - https:\/\/yoast.com\/product\/yoast-seo-wordpress\/ -->\n<title>Beko Klima Servisi - Tekirda\u011f 0282 263 22 96<\/title>\n<meta name=\"description\" content=\"Tekirda\u011f Beko Klima Servisi 0282 263 22 96 olarak, klimalar\u0131n\u0131z\u0131n ihtiya\u00e7lar\u0131n\u0131 kar\u015f\u0131lamak i\u00e7in buraday\u0131z.\" \/>\n<meta name=\"robots\" content=\"index, follow, max-snippet:-1, max-image-preview:large, max-video-preview:-1\" \/>\n<link rel=\"canonical\" href=\"https:\/\/tekirdagarcelikservisi.com.tr\/index.php\/beko-servisi\/beko-klima-servisi\/\" \/>\n<meta property=\"og:locale\" content=\"tr_TR\" \/>\n<meta property=\"og:type\" content=\"article\" \/>\n<meta property=\"og:title\" content=\"Beko Klima Servisi - Tekirda\u011f 0282 263 22 96\" \/>\n<meta property=\"og:description\" content=\"Tekirda\u011f Beko Klima Servisi 0282 263 22 96 olarak, klimalar\u0131n\u0131z\u0131n ihtiya\u00e7lar\u0131n\u0131 kar\u015f\u0131lamak i\u00e7in buraday\u0131z.\" \/>\n<meta property=\"og:url\" content=\"https:\/\/tekirdagarcelikservisi.com.tr\/index.php\/beko-servisi\/beko-klima-servisi\/\" \/>\n<meta property=\"og:site_name\" content=\"Tekirda\u011f Ar\u00e7elik Servisi 0282 263 22 96\" \/>\n<meta property=\"article:modified_time\" content=\"2024-06-04T19:48:16+00:00\" \/>\n<meta property=\"og:image\" content=\"https:\/\/tekirdagarcelikservisi.com.tr\/wp-content\/uploads\/2024\/02\/Beko-Klima-Servisi.jpg\" \/>\n<meta name=\"twitter:card\" content=\"summary_large_image\" \/>\n<meta name=\"twitter:label1\" content=\"Tahmini okuma s\u00fcresi\" \/>\n\t<meta name=\"twitter:data1\" content=\"5 dakika\" \/>\n<script type=\"application\/ld+json\" class=\"yoast-schema-graph\">{\"@context\":\"https:\\\/\\\/schema.org\",\"@graph\":[{\"@type\":\"WebPage\",\"@id\":\"https:\\\/\\\/tekirdagarcelikservisi.com.tr\\\/index.php\\\/beko-servisi\\\/beko-klima-servisi\\\/\",\"url\":\"https:\\\/\\\/tekirdagarcelikservisi.com.tr\\\/index.php\\\/beko-servisi\\\/beko-klima-servisi\\\/\",\"name\":\"Beko Klima Servisi - Tekirda\u011f 0282 263 22 96\",\"isPartOf\":{\"@id\":\"https:\\\/\\\/tekirdagarcelikservisi.com.tr\\\/#website\"},\"primaryImageOfPage\":{\"@id\":\"https:\\\/\\\/tekirdagarcelikservisi.com.tr\\\/index.php\\\/beko-servisi\\\/beko-klima-servisi\\\/#primaryimage\"},\"image\":{\"@id\":\"https:\\\/\\\/tekirdagarcelikservisi.com.tr\\\/index.php\\\/beko-servisi\\\/beko-klima-servisi\\\/#primaryimage\"},\"thumbnailUrl\":\"https:\\\/\\\/tekirdagarcelikservisi.com.tr\\\/wp-content\\\/uploads\\\/2024\\\/02\\\/Beko-Klima-Servisi.jpg\",\"datePublished\":\"2024-02-24T16:40:10+00:00\",\"dateModified\":\"2024-06-04T19:48:16+00:00\",\"description\":\"Tekirda\u011f Beko Klima Servisi 0282 263 22 96 olarak, klimalar\u0131n\u0131z\u0131n ihtiya\u00e7lar\u0131n\u0131 kar\u015f\u0131lamak i\u00e7in buraday\u0131z.\",\"breadcrumb\":{\"@id\":\"https:\\\/\\\/tekirdagarcelikservisi.com.tr\\\/index.php\\\/beko-servisi\\\/beko-klima-servisi\\\/#breadcrumb\"},\"inLanguage\":\"tr\",\"potentialAction\":[{\"@type\":\"ReadAction\",\"target\":[\"https:\\\/\\\/tekirdagarcelikservisi.com.tr\\\/index.php\\\/beko-servisi\\\/beko-klima-servisi\\\/\"]}]},{\"@type\":\"ImageObject\",\"inLanguage\":\"tr\",\"@id\":\"https:\\\/\\\/tekirdagarcelikservisi.com.tr\\\/index.php\\\/beko-servisi\\\/beko-klima-servisi\\\/#primaryimage\",\"url\":\"https:\\\/\\\/tekirdagarcelikservisi.com.tr\\\/wp-content\\\/uploads\\\/2024\\\/02\\\/Beko-Klima-Servisi.jpg\",\"contentUrl\":\"https:\\\/\\\/tekirdagarcelikservisi.com.tr\\\/wp-content\\\/uploads\\\/2024\\\/02\\\/Beko-Klima-Servisi.jpg\",\"width\":1004,\"height\":591,\"caption\":\"Beko Klima Servisi\"},{\"@type\":\"BreadcrumbList\",\"@id\":\"https:\\\/\\\/tekirdagarcelikservisi.com.tr\\\/index.php\\\/beko-servisi\\\/beko-klima-servisi\\\/#breadcrumb\",\"itemListElement\":[{\"@type\":\"ListItem\",\"position\":1,\"name\":\"Anasayfa\",\"item\":\"https:\\\/\\\/tekirdagarcelikservisi.com.tr\\\/\"},{\"@type\":\"ListItem\",\"position\":2,\"name\":\"Beko Servisi\",\"item\":\"https:\\\/\\\/tekirdagarcelikservisi.com.tr\\\/index.php\\\/beko-servisi\\\/\"},{\"@type\":\"ListItem\",\"position\":3,\"name\":\"Beko Klima Servisi\"}]},{\"@type\":\"WebSite\",\"@id\":\"https:\\\/\\\/tekirdagarcelikservisi.com.tr\\\/#website\",\"url\":\"https:\\\/\\\/tekirdagarcelikservisi.com.tr\\\/\",\"name\":\"Tekirda\u011f Ar\u00e7elik Servisi 0282 263 22 96\",\"description\":\"Ar\u00e7elik Beyaz E\u015fya Klima Kombi Servisi\",\"publisher\":{\"@id\":\"https:\\\/\\\/tekirdagarcelikservisi.com.tr\\\/#organization\"},\"potentialAction\":[{\"@type\":\"SearchAction\",\"target\":{\"@type\":\"EntryPoint\",\"urlTemplate\":\"https:\\\/\\\/tekirdagarcelikservisi.com.tr\\\/?s={search_term_string}\"},\"query-input\":{\"@type\":\"PropertyValueSpecification\",\"valueRequired\":true,\"valueName\":\"search_term_string\"}}],\"inLanguage\":\"tr\"},{\"@type\":\"Organization\",\"@id\":\"https:\\\/\\\/tekirdagarcelikservisi.com.tr\\\/#organization\",\"name\":\"Tekirda\u011f Ar\u00e7elik Servisi 0282 263 22 96\",\"url\":\"https:\\\/\\\/tekirdagarcelikservisi.com.tr\\\/\",\"logo\":{\"@type\":\"ImageObject\",\"inLanguage\":\"tr\",\"@id\":\"https:\\\/\\\/tekirdagarcelikservisi.com.tr\\\/#\\\/schema\\\/logo\\\/image\\\/\",\"url\":\"https:\\\/\\\/tekirdagarcelikservisi.com.tr\\\/wp-content\\\/uploads\\\/2024\\\/03\\\/arcelik_logo.png\",\"contentUrl\":\"https:\\\/\\\/tekirdagarcelikservisi.com.tr\\\/wp-content\\\/uploads\\\/2024\\\/03\\\/arcelik_logo.png\",\"width\":330,\"height\":330,\"caption\":\"Tekirda\u011f Ar\u00e7elik Servisi 0282 263 22 96\"},\"image\":{\"@id\":\"https:\\\/\\\/tekirdagarcelikservisi.com.tr\\\/#\\\/schema\\\/logo\\\/image\\\/\"}}]}<\/script>\n<!-- \/ Yoast SEO plugin. -->","yoast_head_json":{"title":"Beko Klima Servisi - Tekirda\u011f 0282 263 22 96","description":"Tekirda\u011f Beko Klima Servisi 0282 263 22 96 olarak, klimalar\u0131n\u0131z\u0131n ihtiya\u00e7lar\u0131n\u0131 kar\u015f\u0131lamak i\u00e7in buraday\u0131z.","robots":{"index":"index","follow":"follow","max-snippet":"max-snippet:-1","max-image-preview":"max-image-preview:large","max-video-preview":"max-video-preview:-1"},"canonical":"https:\/\/tekirdagarcelikservisi.com.tr\/index.php\/beko-servisi\/beko-klima-servisi\/","og_locale":"tr_TR","og_type":"article","og_title":"Beko Klima Servisi - Tekirda\u011f 0282 263 22 96","og_description":"Tekirda\u011f Beko Klima Servisi 0282 263 22 96 olarak, klimalar\u0131n\u0131z\u0131n ihtiya\u00e7lar\u0131n\u0131 kar\u015f\u0131lamak i\u00e7in buraday\u0131z.","og_url":"https:\/\/tekirdagarcelikservisi.com.tr\/index.php\/beko-servisi\/beko-klima-servisi\/","og_site_name":"Tekirda\u011f Ar\u00e7elik Servisi 0282 263 22 96","article_modified_time":"2024-06-04T19:48:16+00:00","og_image":[{"url":"https:\/\/tekirdagarcelikservisi.com.tr\/wp-content\/uploads\/2024\/02\/Beko-Klima-Servisi.jpg","type":"","width":"","height":""}],"twitter_card":"summary_large_image","twitter_misc":{"Tahmini okuma s\u00fcresi":"5 dakika"},"schema":{"@context":"https:\/\/schema.org","@graph":[{"@type":"WebPage","@id":"https:\/\/tekirdagarcelikservisi.com.tr\/index.php\/beko-servisi\/beko-klima-servisi\/","url":"https:\/\/tekirdagarcelikservisi.com.tr\/index.php\/beko-servisi\/beko-klima-servisi\/","name":"Beko Klima Servisi - Tekirda\u011f 0282 263 22 96","isPartOf":{"@id":"https:\/\/tekirdagarcelikservisi.com.tr\/#website"},"primaryImageOfPage":{"@id":"https:\/\/tekirdagarcelikservisi.com.tr\/index.php\/beko-servisi\/beko-klima-servisi\/#primaryimage"},"image":{"@id":"https:\/\/tekirdagarcelikservisi.com.tr\/index.php\/beko-servisi\/beko-klima-servisi\/#primaryimage"},"thumbnailUrl":"https:\/\/tekirdagarcelikservisi.com.tr\/wp-content\/uploads\/2024\/02\/Beko-Klima-Servisi.jpg","datePublished":"2024-02-24T16:40:10+00:00","dateModified":"2024-06-04T19:48:16+00:00","description":"Tekirda\u011f Beko Klima Servisi 0282 263 22 96 olarak, klimalar\u0131n\u0131z\u0131n ihtiya\u00e7lar\u0131n\u0131 kar\u015f\u0131lamak i\u00e7in buraday\u0131z.","breadcrumb":{"@id":"https:\/\/tekirdagarcelikservisi.com.tr\/index.php\/beko-servisi\/beko-klima-servisi\/#breadcrumb"},"inLanguage":"tr","potentialAction":[{"@type":"ReadAction","target":["https:\/\/tekirdagarcelikservisi.com.tr\/index.php\/beko-servisi\/beko-klima-servisi\/"]}]},{"@type":"ImageObject","inLanguage":"tr","@id":"https:\/\/tekirdagarcelikservisi.com.tr\/index.php\/beko-servisi\/beko-klima-servisi\/#primaryimage","url":"https:\/\/tekirdagarcelikservisi.com.tr\/wp-content\/uploads\/2024\/02\/Beko-Klima-Servisi.jpg","contentUrl":"https:\/\/tekirdagarcelikservisi.com.tr\/wp-content\/uploads\/2024\/02\/Beko-Klima-Servisi.jpg","width":1004,"height":591,"caption":"Beko Klima Servisi"},{"@type":"BreadcrumbList","@id":"https:\/\/tekirdagarcelikservisi.com.tr\/index.php\/beko-servisi\/beko-klima-servisi\/#breadcrumb","itemListElement":[{"@type":"ListItem","position":1,"name":"Anasayfa","item":"https:\/\/tekirdagarcelikservisi.com.tr\/"},{"@type":"ListItem","position":2,"name":"Beko Servisi","item":"https:\/\/tekirdagarcelikservisi.com.tr\/index.php\/beko-servisi\/"},{"@type":"ListItem","position":3,"name":"Beko Klima Servisi"}]},{"@type":"WebSite","@id":"https:\/\/tekirdagarcelikservisi.com.tr\/#website","url":"https:\/\/tekirdagarcelikservisi.com.tr\/","name":"Tekirda\u011f Ar\u00e7elik Servisi 0282 263 22 96","description":"Ar\u00e7elik Beyaz E\u015fya Klima Kombi Servisi","publisher":{"@id":"https:\/\/tekirdagarcelikservisi.com.tr\/#organization"},"potentialAction":[{"@type":"SearchAction","target":{"@type":"EntryPoint","urlTemplate":"https:\/\/tekirdagarcelikservisi.com.tr\/?s={search_term_string}"},"query-input":{"@type":"PropertyValueSpecification","valueRequired":true,"valueName":"search_term_string"}}],"inLanguage":"tr"},{"@type":"Organization","@id":"https:\/\/tekirdagarcelikservisi.com.tr\/#organization","name":"Tekirda\u011f Ar\u00e7elik Servisi 0282 263 22 96","url":"https:\/\/tekirdagarcelikservisi.com.tr\/","logo":{"@type":"ImageObject","inLanguage":"tr","@id":"https:\/\/tekirdagarcelikservisi.com.tr\/#\/schema\/logo\/image\/","url":"https:\/\/tekirdagarcelikservisi.com.tr\/wp-content\/uploads\/2024\/03\/arcelik_logo.png","contentUrl":"https:\/\/tekirdagarcelikservisi.com.tr\/wp-content\/uploads\/2024\/03\/arcelik_logo.png","width":330,"height":330,"caption":"Tekirda\u011f Ar\u00e7elik Servisi 0282 263 22 96"},"image":{"@id":"https:\/\/tekirdagarcelikservisi.com.tr\/#\/schema\/logo\/image\/"}}]}},"_links":{"self":[{"href":"https:\/\/tekirdagarcelikservisi.com.tr\/index.php\/wp-json\/wp\/v2\/pages\/129","targetHints":{"allow":["GET"]}}],"collection":[{"href":"https:\/\/tekirdagarcelikservisi.com.tr\/index.php\/wp-json\/wp\/v2\/pages"}],"about":[{"href":"https:\/\/tekirdagarcelikservisi.com.tr\/index.php\/wp-json\/wp\/v2\/types\/page"}],"author":[{"embeddable":true,"href":"https:\/\/tekirdagarcelikservisi.com.tr\/index.php\/wp-json\/wp\/v2\/users\/1"}],"replies":[{"embeddable":true,"href":"https:\/\/tekirdagarcelikservisi.com.tr\/index.php\/wp-json\/wp\/v2\/comments?post=129"}],"version-history":[{"count":8,"href":"https:\/\/tekirdagarcelikservisi.com.tr\/index.php\/wp-json\/wp\/v2\/pages\/129\/revisions"}],"predecessor-version":[{"id":1149,"href":"https:\/\/tekirdagarcelikservisi.com.tr\/index.php\/wp-json\/wp\/v2\/pages\/129\/revisions\/1149"}],"up":[{"embeddable":true,"href":"https:\/\/tekirdagarcelikservisi.com.tr\/index.php\/wp-json\/wp\/v2\/pages\/121"}],"wp:attachment":[{"href":"https:\/\/tekirdagarcelikservisi.com.tr\/index.php\/wp-json\/wp\/v2\/media?parent=129"}],"curies":[{"name":"wp","href":"https:\/\/api.w.org\/{rel}","templated":true}]}}